{"id":7051,"date":"2026-03-14T22:42:29","date_gmt":"2026-03-14T21:42:29","guid":{"rendered":"https:\/\/drzwitarasy.pl\/?post_type=product&#038;p=7051"},"modified":"2026-03-15T01:50:50","modified_gmt":"2026-03-15T00:50:50","slug":"sztacheta-deska-ogrodzeniowa-szczotkowana-dwustronnie-150mm-x-19mm","status":"publish","type":"product","link":"https:\/\/drzwitarasy.pl\/?product=sztacheta-deska-ogrodzeniowa-szczotkowana-dwustronnie-150mm-x-19mm","title":{"rendered":"SZTACHETA DESKA OGRODZENIOWA SZCZOTKOWANA DWUSTRONNIE 150mm x 19mm"},"content":{"rendered":"<p><img loading=\"lazy\" decoding=\"async\" class=\"aligncenter size-full wp-image-6036\" src=\"https:\/\/drzwitarasy.pl\/wp-content\/uploads\/2024\/12\/BANER-NOWY-ZMIENIONY.jpg\" alt=\"\" width=\"2420\" height=\"948\" srcset=\"https:\/\/drzwitarasy.pl\/wp-content\/uploads\/2024\/12\/BANER-NOWY-ZMIENIONY.jpg 2420w, https:\/\/drzwitarasy.pl\/wp-content\/uploads\/2024\/12\/BANER-NOWY-ZMIENIONY-300x118.jpg 300w, https:\/\/drzwitarasy.pl\/wp-content\/uploads\/2024\/12\/BANER-NOWY-ZMIENIONY-600x235.jpg 600w, https:\/\/drzwitarasy.pl\/wp-content\/uploads\/2024\/12\/BANER-NOWY-ZMIENIONY-1024x401.jpg 1024w, https:\/\/drzwitarasy.pl\/wp-content\/uploads\/2024\/12\/BANER-NOWY-ZMIENIONY-768x301.jpg 768w, https:\/\/drzwitarasy.pl\/wp-content\/uploads\/2024\/12\/BANER-NOWY-ZMIENIONY-1536x602.jpg 1536w, https:\/\/drzwitarasy.pl\/wp-content\/uploads\/2024\/12\/BANER-NOWY-ZMIENIONY-2048x802.jpg 2048w\" sizes=\"auto, (max-width: 2420px) 100vw, 2420px\" \/><\/p>\n<p><img loading=\"lazy\" decoding=\"async\" class=\"aligncenter size-full wp-image-7052\" src=\"https:\/\/drzwitarasy.pl\/wp-content\/uploads\/2026\/03\/WIZUAL-scaled.jpg\" alt=\"\" width=\"2560\" height=\"2262\" srcset=\"https:\/\/drzwitarasy.pl\/wp-content\/uploads\/2026\/03\/WIZUAL-scaled.jpg 2560w, https:\/\/drzwitarasy.pl\/wp-content\/uploads\/2026\/03\/WIZUAL-300x265.jpg 300w, https:\/\/drzwitarasy.pl\/wp-content\/uploads\/2026\/03\/WIZUAL-1024x905.jpg 1024w, https:\/\/drzwitarasy.pl\/wp-content\/uploads\/2026\/03\/WIZUAL-768x679.jpg 768w, https:\/\/drzwitarasy.pl\/wp-content\/uploads\/2026\/03\/WIZUAL-1536x1357.jpg 1536w, https:\/\/drzwitarasy.pl\/wp-content\/uploads\/2026\/03\/WIZUAL-2048x1810.jpg 2048w, https:\/\/drzwitarasy.pl\/wp-content\/uploads\/2026\/03\/WIZUAL-600x530.jpg 600w\" sizes=\"auto, (max-width: 2560px) 100vw, 2560px\" \/><\/p>\n<p><img loading=\"lazy\" decoding=\"async\" class=\"aligncenter size-full wp-image-7083\" src=\"https:\/\/drzwitarasy.pl\/wp-content\/uploads\/2026\/03\/BANER-SZTACHETA-WPC.jpg\" alt=\"\" width=\"1540\" height=\"1017\" srcset=\"https:\/\/drzwitarasy.pl\/wp-content\/uploads\/2026\/03\/BANER-SZTACHETA-WPC.jpg 1540w, https:\/\/drzwitarasy.pl\/wp-content\/uploads\/2026\/03\/BANER-SZTACHETA-WPC-300x198.jpg 300w, https:\/\/drzwitarasy.pl\/wp-content\/uploads\/2026\/03\/BANER-SZTACHETA-WPC-1024x676.jpg 1024w, https:\/\/drzwitarasy.pl\/wp-content\/uploads\/2026\/03\/BANER-SZTACHETA-WPC-768x507.jpg 768w, https:\/\/drzwitarasy.pl\/wp-content\/uploads\/2026\/03\/BANER-SZTACHETA-WPC-1536x1014.jpg 1536w, https:\/\/drzwitarasy.pl\/wp-content\/uploads\/2026\/03\/BANER-SZTACHETA-WPC-350x230.jpg 350w, https:\/\/drzwitarasy.pl\/wp-content\/uploads\/2026\/03\/BANER-SZTACHETA-WPC-600x396.jpg 600w\" sizes=\"auto, (max-width: 1540px) 100vw, 1540px\" \/><\/p>\n<p>&nbsp;<\/p>\n<p><img loading=\"lazy\" decoding=\"async\" class=\"aligncenter wp-image-7055 size-full\" src=\"https:\/\/drzwitarasy.pl\/wp-content\/uploads\/2026\/03\/SZTACHETA-GRAFIT-DWIE.jpg\" alt=\"\" width=\"728\" height=\"783\" srcset=\"https:\/\/drzwitarasy.pl\/wp-content\/uploads\/2026\/03\/SZTACHETA-GRAFIT-DWIE.jpg 728w, https:\/\/drzwitarasy.pl\/wp-content\/uploads\/2026\/03\/SZTACHETA-GRAFIT-DWIE-279x300.jpg 279w, https:\/\/drzwitarasy.pl\/wp-content\/uploads\/2026\/03\/SZTACHETA-GRAFIT-DWIE-300x323.jpg 300w, https:\/\/drzwitarasy.pl\/wp-content\/uploads\/2026\/03\/SZTACHETA-GRAFIT-DWIE-600x645.jpg 600w\" sizes=\"auto, (max-width: 728px) 100vw, 728px\" \/><\/p>\n<h3 data-section-id=\"1ygml20\" data-start=\"429\" data-end=\"456\">Najwa\u017cniejsze parametry<\/h3>\n<ul data-start=\"457\" data-end=\"719\">\n<li data-section-id=\"11hwi2t\" data-start=\"457\" data-end=\"486\">\n<p data-start=\"459\" data-end=\"486\"><strong data-start=\"459\" data-end=\"473\">Szeroko\u015b\u0107:<\/strong> ok. 150 mm<\/p>\n<\/li>\n<li data-section-id=\"17vt09t\" data-start=\"487\" data-end=\"513\">\n<p data-start=\"489\" data-end=\"513\"><strong data-start=\"489\" data-end=\"501\">Grubo\u015b\u0107:<\/strong> ok. 19 mm<\/p>\n<\/li>\n<li data-section-id=\"1m08vyu\" data-start=\"514\" data-end=\"545\">\n<p data-start=\"516\" data-end=\"545\"><strong data-start=\"516\" data-end=\"528\">D\u0142ugo\u015b\u0107:<\/strong> zwykle ok. 2 m<\/p>\n<\/li>\n<li data-section-id=\"1cvj43t\" data-start=\"546\" data-end=\"610\">\n<p data-start=\"548\" data-end=\"610\"><strong data-start=\"548\" data-end=\"565\">Powierzchnia:<\/strong> szczotkowana z obu stron (imitacja drewna)<\/p>\n<\/li>\n<li data-section-id=\"ke40x5\" data-start=\"611\" data-end=\"635\">\n<p data-start=\"613\" data-end=\"635\"><strong data-start=\"613\" data-end=\"624\">Profil:<\/strong> komorowy<\/p>\n<\/li>\n<li data-section-id=\"aw1med\" data-start=\"636\" data-end=\"719\">\n<p data-start=\"638\" data-end=\"719\"><strong data-start=\"638\" data-end=\"651\">Materia\u0142:<\/strong> kompozyt WPC (drewno + PVC)<\/p>\n<\/li>\n<\/ul>\n<h3 data-section-id=\"m02d4j\" data-start=\"721\" data-end=\"746\">Do czego si\u0119 j\u0105 u\u017cywa<\/h3>\n<p data-start=\"747\" data-end=\"762\">Najcz\u0119\u015bciej do:<\/p>\n<ul data-start=\"763\" data-end=\"892\">\n<li data-section-id=\"1myvkok\" data-start=\"763\" data-end=\"800\">\n<p data-start=\"765\" data-end=\"800\"><strong data-start=\"765\" data-end=\"800\">nowoczesnych ogrodze\u0144 poziomych<\/strong><\/p>\n<\/li>\n<li data-section-id=\"45u6yp\" data-start=\"801\" data-end=\"841\">\n<p data-start=\"803\" data-end=\"841\">wype\u0142nienia mi\u0119dzy s\u0142upkami metalowymi<\/p>\n<\/li>\n<li data-section-id=\"140zc54\" data-start=\"842\" data-end=\"892\">\n<p data-start=\"844\" data-end=\"892\">paneli ogrodzeniowych przy tarasach i ogrodach<\/p>\n<\/li>\n<\/ul>\n<p data-start=\"894\" data-end=\"1059\">Deski wk\u0142ada si\u0119 w <strong data-start=\"913\" data-end=\"949\">metalowe profile w kszta\u0142cie \u201eU\u201d<\/strong> mocowane do s\u0142upk\u00f3w \u2013 dzi\u0119ki temu tworz\u0105 jednolit\u0105 \u015bcian\u0119 ogrodzenia.<\/p>\n<h3 data-section-id=\"1x0mgft\" data-start=\"1061\" data-end=\"1084\">Zalety takich desek<\/h3>\n<ul data-start=\"1085\" data-end=\"1273\">\n<li data-section-id=\"169hidl\" data-start=\"1085\" data-end=\"1113\">\n<p data-start=\"1087\" data-end=\"1113\">nie gnij\u0105 i nie koroduj\u0105<\/p>\n<\/li>\n<li data-section-id=\"1sp95um\" data-start=\"1114\" data-end=\"1156\">\n<p data-start=\"1116\" data-end=\"1156\">nie trzeba ich malowa\u0107 ani impregnowa\u0107<\/p>\n<\/li>\n<li data-section-id=\"8etjtu\" data-start=\"1157\" data-end=\"1187\">\n<p data-start=\"1159\" data-end=\"1187\">odporne na wilgo\u0107 i s\u0142o\u0144ce<\/p>\n<\/li>\n<li data-section-id=\"7r4dw9\" data-start=\"1188\" data-end=\"1273\">\n<p data-start=\"1190\" data-end=\"1273\">mog\u0105 mie\u0107 <strong data-start=\"1200\" data-end=\"1233\">gwarancj\u0119 nawet do ok. 25 lat<\/strong><\/p>\n<\/li>\n<\/ul>\n<p data-start=\"1275\" data-end=\"1396\">\ud83d\udca1 W praktyce takie ogrodzenia wygl\u0105daj\u0105 jak <strong data-start=\"1320\" data-end=\"1348\">drewniane poziome listwy<\/strong>, ale s\u0105 znacznie mniej wymagaj\u0105ce w utrzymaniu.<\/p>\n<p>&nbsp;<\/p>\n<p style=\"text-align: center;\"><strong>SZTACHETA Deska ogrodzeniowa kompozytowa WPC<\/strong><\/p>\n<p>Deska ogrodzeniowa pozioma Gamrat to trwa\u0142e i estetyczne rozwi\u0105zanie do nowoczesnych ogrodze\u0144. Wykonana z wysokiej jako\u015bci kompozytu, cechuje si\u0119 odporno\u015bci\u0105 na warunki atmosferyczne, wilgo\u0107 i promieniowanie UV. Nie wymaga konserwacji, jest \u0142atwa w monta\u017cu i dost\u0119pna w r\u00f3\u017cnych kolorach, co pozwala dopasowa\u0107 j\u0105 do ka\u017cdej przestrzeni. Zapewnia elegancki wygl\u0105d oraz d\u0142ugowieczno\u015b\u0107 ogrodzenia. Wyst\u0119puje ona w dw\u00f3ch wersjach wyko\u0144czeniowych: Classic i Premium.<\/p>\n<p>Dane techniczne<\/p>\n<table width=\"660\">\n<tbody>\n<tr>\n<td width=\"322\">Grubo\u015b\u0107<\/td>\n<td width=\"322\">19 mm<\/td>\n<\/tr>\n<tr>\n<td width=\"322\">Szeroko\u015b\u0107<\/td>\n<td width=\"322\">150 mm<\/td>\n<\/tr>\n<tr>\n<td width=\"322\">D\u0142ugo\u015b\u0107 standardowa<\/td>\n<td width=\"322\">2 m<\/td>\n<\/tr>\n<tr>\n<td width=\"322\">Rodzaj wyko\u0144czenia \u2013 wariant Classic<\/td>\n<td width=\"322\">Szczotkowana dwustronnie<\/td>\n<\/tr>\n<tr>\n<td width=\"322\">Rodzaj wyko\u0144czenia \u2013 wariant Premium<\/td>\n<td width=\"322\">Szczotkowana z dwustronnym wzorem drewna<\/td>\n<\/tr>\n<\/tbody>\n<\/table>\n<p>&nbsp;<\/p>\n<p>&nbsp;<\/p>\n<p><img loading=\"lazy\" decoding=\"async\" class=\"aligncenter size-full wp-image-7053\" src=\"https:\/\/drzwitarasy.pl\/wp-content\/uploads\/2026\/03\/15_deska_ogrodzeniowa_classic_TRZY-scaled.jpg\" alt=\"\" width=\"2560\" height=\"1609\" srcset=\"https:\/\/drzwitarasy.pl\/wp-content\/uploads\/2026\/03\/15_deska_ogrodzeniowa_classic_TRZY-scaled.jpg 2560w, https:\/\/drzwitarasy.pl\/wp-content\/uploads\/2026\/03\/15_deska_ogrodzeniowa_classic_TRZY-300x189.jpg 300w, https:\/\/drzwitarasy.pl\/wp-content\/uploads\/2026\/03\/15_deska_ogrodzeniowa_classic_TRZY-1024x643.jpg 1024w, https:\/\/drzwitarasy.pl\/wp-content\/uploads\/2026\/03\/15_deska_ogrodzeniowa_classic_TRZY-768x483.jpg 768w, https:\/\/drzwitarasy.pl\/wp-content\/uploads\/2026\/03\/15_deska_ogrodzeniowa_classic_TRZY-1536x965.jpg 1536w, https:\/\/drzwitarasy.pl\/wp-content\/uploads\/2026\/03\/15_deska_ogrodzeniowa_classic_TRZY-2048x1287.jpg 2048w, https:\/\/drzwitarasy.pl\/wp-content\/uploads\/2026\/03\/15_deska_ogrodzeniowa_classic_TRZY-600x377.jpg 600w\" sizes=\"auto, (max-width: 2560px) 100vw, 2560px\" \/><\/p>\n<p>&nbsp;<\/p>\n<h2 style=\"text-align: center;\"><strong>SZTACHETA SZCZOTKOWANA KOMPOZYTOWA WPC<\/strong><\/h2>\n<p>&nbsp;<\/p>\n<h4 style=\"text-align: center;\">KOLORY :\u00a0 \u00a0ORZECH &#8211; CIEMNY BR\u0104Z &#8211; GRAFIT<\/h4>\n<p>&nbsp;<\/p>\n<p><img loading=\"lazy\" decoding=\"async\" class=\"aligncenter size-full wp-image-7054\" src=\"https:\/\/drzwitarasy.pl\/wp-content\/uploads\/2026\/03\/15_deska_ogrodzeniowa_premium_TRZY-scaled.jpg\" alt=\"\" width=\"2560\" height=\"1556\" srcset=\"https:\/\/drzwitarasy.pl\/wp-content\/uploads\/2026\/03\/15_deska_ogrodzeniowa_premium_TRZY-scaled.jpg 2560w, https:\/\/drzwitarasy.pl\/wp-content\/uploads\/2026\/03\/15_deska_ogrodzeniowa_premium_TRZY-300x182.jpg 300w, https:\/\/drzwitarasy.pl\/wp-content\/uploads\/2026\/03\/15_deska_ogrodzeniowa_premium_TRZY-1024x622.jpg 1024w, https:\/\/drzwitarasy.pl\/wp-content\/uploads\/2026\/03\/15_deska_ogrodzeniowa_premium_TRZY-768x467.jpg 768w, https:\/\/drzwitarasy.pl\/wp-content\/uploads\/2026\/03\/15_deska_ogrodzeniowa_premium_TRZY-1536x934.jpg 1536w, https:\/\/drzwitarasy.pl\/wp-content\/uploads\/2026\/03\/15_deska_ogrodzeniowa_premium_TRZY-2048x1245.jpg 2048w, https:\/\/drzwitarasy.pl\/wp-content\/uploads\/2026\/03\/15_deska_ogrodzeniowa_premium_TRZY-600x365.jpg 600w\" sizes=\"auto, (max-width: 2560px) 100vw, 2560px\" \/><\/p>\n<p>&nbsp;<\/p>\n<h2 style=\"text-align: center;\">SZTACHETA SZCZOTKOWANA ZE WZOREM DREWNA KOMPOZYTOWA WPC<\/h2>\n<p>&nbsp;<\/p>\n<p>&nbsp;<\/p>\n<p style=\"text-align: center;\"><strong>DOST\u0118PNE R\u00d3WNIE\u017b CEOWNIKI WPC &#8211; TYLKO SZCZOTKOWANE<\/strong><\/p>\n<p>&nbsp;<\/p>\n<p>&nbsp;<\/p>\n<p>&nbsp;<\/p>\n<p><img loading=\"lazy\" decoding=\"async\" class=\"aligncenter size-full wp-image-7057\" src=\"https:\/\/drzwitarasy.pl\/wp-content\/uploads\/2026\/03\/CEOWNIK-Z-WYMIARAMI.jpg\" alt=\"\" width=\"909\" height=\"849\" srcset=\"https:\/\/drzwitarasy.pl\/wp-content\/uploads\/2026\/03\/CEOWNIK-Z-WYMIARAMI.jpg 909w, https:\/\/drzwitarasy.pl\/wp-content\/uploads\/2026\/03\/CEOWNIK-Z-WYMIARAMI-300x280.jpg 300w, https:\/\/drzwitarasy.pl\/wp-content\/uploads\/2026\/03\/CEOWNIK-Z-WYMIARAMI-768x717.jpg 768w, https:\/\/drzwitarasy.pl\/wp-content\/uploads\/2026\/03\/CEOWNIK-Z-WYMIARAMI-600x560.jpg 600w\" sizes=\"auto, (max-width: 909px) 100vw, 909px\" \/><\/p>\n<p>&nbsp;<\/p>\n<p>&nbsp;<\/p>\n<p><img loading=\"lazy\" decoding=\"async\" class=\"aligncenter size-full wp-image-7056\" src=\"https:\/\/drzwitarasy.pl\/wp-content\/uploads\/2026\/03\/CEOWNIK-SZCZ-TRZY.jpg\" alt=\"\" width=\"827\" height=\"1545\" srcset=\"https:\/\/drzwitarasy.pl\/wp-content\/uploads\/2026\/03\/CEOWNIK-SZCZ-TRZY.jpg 827w, https:\/\/drzwitarasy.pl\/wp-content\/uploads\/2026\/03\/CEOWNIK-SZCZ-TRZY-161x300.jpg 161w, https:\/\/drzwitarasy.pl\/wp-content\/uploads\/2026\/03\/CEOWNIK-SZCZ-TRZY-548x1024.jpg 548w, https:\/\/drzwitarasy.pl\/wp-content\/uploads\/2026\/03\/CEOWNIK-SZCZ-TRZY-768x1435.jpg 768w, https:\/\/drzwitarasy.pl\/wp-content\/uploads\/2026\/03\/CEOWNIK-SZCZ-TRZY-822x1536.jpg 822w, https:\/\/drzwitarasy.pl\/wp-content\/uploads\/2026\/03\/CEOWNIK-SZCZ-TRZY-300x560.jpg 300w, https:\/\/drzwitarasy.pl\/wp-content\/uploads\/2026\/03\/CEOWNIK-SZCZ-TRZY-600x1121.jpg 600w\" sizes=\"auto, (max-width: 827px) 100vw, 827px\" \/><\/p>\n","protected":false},"excerpt":{"rendered":"<p>&nbsp; Najwa\u017cniejsze parametry Szeroko\u015b\u0107: ok. 150 mm Grubo\u015b\u0107: ok. 19 mm D\u0142ugo\u015b\u0107: zwykle ok. 2 m Powierzchnia: szczotkowana z obu stron (imitacja drewna) Profil: komorowy Materia\u0142: kompozyt WPC (drewno + PVC) Do czego si\u0119 j\u0105 u\u017cywa Najcz\u0119\u015bciej do: nowoczesnych ogrodze\u0144 poziomych wype\u0142nienia mi\u0119dzy s\u0142upkami metalowymi paneli ogrodzeniowych przy tarasach i ogrodach Deski wk\u0142ada si\u0119 w [&hellip;]<\/p>\n","protected":false},"featured_media":7084,"template":"","meta":{"_acf_changed":false,"_monsterinsights_skip_tracking":false,"_monsterinsights_sitenote_active":false,"_monsterinsights_sitenote_note":"","_monsterinsights_sitenote_category":0},"product_brand":[578],"product_cat":[70,530,258],"product_tag":[491,583,579,581,580,582],"class_list":{"0":"post-7051","1":"product","2":"type-product","3":"status-publish","4":"has-post-thumbnail","6":"product_brand-gamrat-wpc","7":"product_cat-ogrodzenia-wpc","8":"product_cat-kompozyt","9":"product_cat-sztachety-kompozytowe","10":"product_tag-kompozyt","11":"product_tag-ogrodzenia","12":"product_tag-sztacheta-kompozytowa","13":"product_tag-sztacheta-ogrodzeniowa","14":"product_tag-sztachety","15":"product_tag-sztachety-ogrodzeniowe","16":"product_shipping_class-deskasztacheta","18":"first","19":"instock","20":"sale","21":"featured","22":"shipping-taxable","23":"purchasable","24":"product-type-simple","25":"add-to-wishlist-after_add_to_cart"},"acf":[],"aioseo_notices":[],"jetpack_sharing_enabled":true,"_links":{"self":[{"href":"https:\/\/drzwitarasy.pl\/index.php?rest_route=\/wp\/v2\/product\/7051","targetHints":{"allow":["GET"]}}],"collection":[{"href":"https:\/\/drzwitarasy.pl\/index.php?rest_route=\/wp\/v2\/product"}],"about":[{"href":"https:\/\/drzwitarasy.pl\/index.php?rest_route=\/wp\/v2\/types\/product"}],"wp:featuredmedia":[{"embeddable":true,"href":"https:\/\/drzwitarasy.pl\/index.php?rest_route=\/wp\/v2\/media\/7084"}],"wp:attachment":[{"href":"https:\/\/drzwitarasy.pl\/index.php?rest_route=%2Fwp%2Fv2%2Fmedia&parent=7051"}],"wp:term":[{"taxonomy":"product_brand","embeddable":true,"href":"https:\/\/drzwitarasy.pl\/index.php?rest_route=%2Fwp%2Fv2%2Fproduct_brand&post=7051"},{"taxonomy":"product_cat","embeddable":true,"href":"https:\/\/drzwitarasy.pl\/index.php?rest_route=%2Fwp%2Fv2%2Fproduct_cat&post=7051"},{"taxonomy":"product_tag","embeddable":true,"href":"https:\/\/drzwitarasy.pl\/index.php?rest_route=%2Fwp%2Fv2%2Fproduct_tag&post=7051"}],"curies":[{"name":"wp","href":"https:\/\/api.w.org\/{rel}","templated":true}]}}