{"id":3170,"date":"2024-09-12T23:10:06","date_gmt":"2024-09-12T21:10:06","guid":{"rendered":"https:\/\/drzwitarasy.pl\/?post_type=product&#038;p=3170"},"modified":"2026-04-14T03:28:40","modified_gmt":"2026-04-14T01:28:40","slug":"drzwi-prim-czarna-szyba-windoor","status":"publish","type":"product","link":"https:\/\/drzwitarasy.pl\/?product=drzwi-prim-czarna-szyba-windoor","title":{"rendered":"Prim CZARNA SZYBA VSG drzwi Prestige"},"content":{"rendered":"<p><del><img loading=\"lazy\" decoding=\"async\" class=\"aligncenter size-full wp-image-4576\" src=\"https:\/\/drzwitarasy.pl\/wp-content\/uploads\/2025\/02\/img_2952-2.jpeg\" alt=\"\" width=\"1092\" height=\"1199\" srcset=\"https:\/\/drzwitarasy.pl\/wp-content\/uploads\/2025\/02\/img_2952-2.jpeg 1092w, https:\/\/drzwitarasy.pl\/wp-content\/uploads\/2025\/02\/img_2952-2-300x329.jpeg 300w, https:\/\/drzwitarasy.pl\/wp-content\/uploads\/2025\/02\/img_2952-2-600x659.jpeg 600w, https:\/\/drzwitarasy.pl\/wp-content\/uploads\/2025\/02\/img_2952-2-273x300.jpeg 273w, https:\/\/drzwitarasy.pl\/wp-content\/uploads\/2025\/02\/img_2952-2-933x1024.jpeg 933w, https:\/\/drzwitarasy.pl\/wp-content\/uploads\/2025\/02\/img_2952-2-768x843.jpeg 768w\" sizes=\"auto, (max-width: 1092px) 100vw, 1092px\" \/><\/del><br \/>\n<img loading=\"lazy\" decoding=\"async\" class=\"aligncenter size-full wp-image-4579\" src=\"https:\/\/drzwitarasy.pl\/wp-content\/uploads\/2025\/02\/img_2954-2.jpeg\" alt=\"\" width=\"1206\" height=\"1450\" srcset=\"https:\/\/drzwitarasy.pl\/wp-content\/uploads\/2025\/02\/img_2954-2.jpeg 1206w, https:\/\/drzwitarasy.pl\/wp-content\/uploads\/2025\/02\/img_2954-2-300x361.jpeg 300w, https:\/\/drzwitarasy.pl\/wp-content\/uploads\/2025\/02\/img_2954-2-600x721.jpeg 600w, https:\/\/drzwitarasy.pl\/wp-content\/uploads\/2025\/02\/img_2954-2-250x300.jpeg 250w, https:\/\/drzwitarasy.pl\/wp-content\/uploads\/2025\/02\/img_2954-2-852x1024.jpeg 852w, https:\/\/drzwitarasy.pl\/wp-content\/uploads\/2025\/02\/img_2954-2-768x923.jpeg 768w\" sizes=\"auto, (max-width: 1206px) 100vw, 1206px\" \/><img loading=\"lazy\" decoding=\"async\" class=\"aligncenter size-full wp-image-4578\" src=\"https:\/\/drzwitarasy.pl\/wp-content\/uploads\/2025\/02\/prim-dab-gorski-black-trzy-1.jpeg\" alt=\"\" width=\"1572\" height=\"1170\" srcset=\"https:\/\/drzwitarasy.pl\/wp-content\/uploads\/2025\/02\/prim-dab-gorski-black-trzy-1.jpeg 1572w, https:\/\/drzwitarasy.pl\/wp-content\/uploads\/2025\/02\/prim-dab-gorski-black-trzy-1-300x223.jpeg 300w, https:\/\/drzwitarasy.pl\/wp-content\/uploads\/2025\/02\/prim-dab-gorski-black-trzy-1-600x447.jpeg 600w, https:\/\/drzwitarasy.pl\/wp-content\/uploads\/2025\/02\/prim-dab-gorski-black-trzy-1-1024x762.jpeg 1024w, https:\/\/drzwitarasy.pl\/wp-content\/uploads\/2025\/02\/prim-dab-gorski-black-trzy-1-768x572.jpeg 768w, https:\/\/drzwitarasy.pl\/wp-content\/uploads\/2025\/02\/prim-dab-gorski-black-trzy-1-1536x1143.jpeg 1536w\" sizes=\"auto, (max-width: 1572px) 100vw, 1572px\" \/><\/p>\n<p><img loading=\"lazy\" decoding=\"async\" class=\"size-full wp-image-3196\" src=\"https:\/\/drzwitarasy.pl\/wp-content\/uploads\/2024\/07\/PRIM-CZARNE-LAZIENKI-3.jpg\" alt=\"\" width=\"1440\" height=\"1041\" srcset=\"https:\/\/drzwitarasy.pl\/wp-content\/uploads\/2024\/07\/PRIM-CZARNE-LAZIENKI-3.jpg 1440w, https:\/\/drzwitarasy.pl\/wp-content\/uploads\/2024\/07\/PRIM-CZARNE-LAZIENKI-3-300x217.jpg 300w, https:\/\/drzwitarasy.pl\/wp-content\/uploads\/2024\/07\/PRIM-CZARNE-LAZIENKI-3-600x434.jpg 600w, https:\/\/drzwitarasy.pl\/wp-content\/uploads\/2024\/07\/PRIM-CZARNE-LAZIENKI-3-1024x740.jpg 1024w, https:\/\/drzwitarasy.pl\/wp-content\/uploads\/2024\/07\/PRIM-CZARNE-LAZIENKI-3-768x555.jpg 768w\" sizes=\"auto, (max-width: 1440px) 100vw, 1440px\" \/><\/p>\n<h3 data-section-id=\"7omkgr\" data-start=\"184\" data-end=\"274\"><strong data-start=\"188\" data-end=\"274\">Drzwi wewn\u0119trzne PRIM z czarn\u0105 szyb\u0105 VSG \u2013 nowoczesny design i wyj\u0105tkowa elegancja<\/strong><\/h3>\n<p data-start=\"276\" data-end=\"585\">Drzwi <strong data-start=\"282\" data-end=\"307\">PRIM czarna szyba VSG<\/strong> to idealne po\u0142\u0105czenie nowoczesnego stylu z funkcjonalno\u015bci\u0105, kt\u00f3re odmieni ka\u017cde wn\u0119trze. Ich minimalistyczna forma i przeszklenie z czarnym szk\u0142em stanowi\u0105 elegancki akcent, kt\u00f3ry \u015bwietnie komponuje si\u0119 zar\u00f3wno z aran\u017cacjami w stylu loftowym, skandynawskim, jak i nowoczesnym.<\/p>\n<p data-start=\"587\" data-end=\"624\">\u2728 <strong data-start=\"589\" data-end=\"622\">Najwa\u017cniejsze cechy produktu:<\/strong><\/p>\n<ul data-start=\"625\" data-end=\"1270\">\n<li data-section-id=\"6pjw2a\" data-start=\"625\" data-end=\"757\">\n<p data-start=\"627\" data-end=\"757\"><strong data-start=\"627\" data-end=\"648\">Nowoczesny design<\/strong> \u2013 czarne przeszklenie VSG dodaje g\u0142\u0119bi i stylu, przyci\u0105gaj\u0105c wzrok i podkre\u015blaj\u0105c charakter pomieszczenia.<\/p>\n<\/li>\n<li data-section-id=\"1dp8s8c\" data-start=\"758\" data-end=\"877\">\n<p data-start=\"760\" data-end=\"877\"><strong data-start=\"760\" data-end=\"783\">Solidna konstrukcja<\/strong> \u2013 wykonane z wysokiej jako\u015bci materia\u0142\u00f3w, odporne na odkszta\u0142cenia i codzienne u\u017cytkowanie.<\/p>\n<\/li>\n<li data-section-id=\"1ojs1i0\" data-start=\"878\" data-end=\"1019\">\n<p data-start=\"880\" data-end=\"1019\"><strong data-start=\"880\" data-end=\"908\">Uniwersalne zastosowanie<\/strong> \u2013 doskonale sprawdz\u0105 si\u0119 jako drzwi do salonu, sypialni, gabinetu czy \u0142azienki (z odpowiednim wyposa\u017ceniem).<\/p>\n<\/li>\n<li data-section-id=\"2w8dw5\" data-start=\"1020\" data-end=\"1145\">\n<p data-start=\"1022\" data-end=\"1145\"><strong data-start=\"1022\" data-end=\"1058\">R\u00f3\u017cne szeroko\u015bci i opcje monta\u017cu<\/strong> \u2013 mo\u017cliwo\u015b\u0107 dopasowania rozmiaru oraz wyboru monta\u017cu przylgowego lub bezprzylgowego.<\/p>\n<\/li>\n<li data-section-id=\"zvst77\" data-start=\"1146\" data-end=\"1270\">\n<p data-start=\"1148\" data-end=\"1270\"><strong data-start=\"1148\" data-end=\"1176\">Mo\u017cliwo\u015b\u0107 personalizacji<\/strong> \u2013 mo\u017cliwo\u015b\u0107 doposa\u017cenia o o\u015bcie\u017cnic\u0119, klamki oraz dodatkowe akcesoria (do zakupienia osobno).<\/p>\n<\/li>\n<\/ul>\n<p data-start=\"1272\" data-end=\"1560\">\ud83d\udca1 <strong data-start=\"1275\" data-end=\"1294\">Dlaczego warto?<\/strong><br data-start=\"1294\" data-end=\"1297\" \/>Drzwi PRIM z czarnym szk\u0142em to produkt dla os\u00f3b, kt\u00f3re szukaj\u0105 nie tylko praktycznego rozwi\u0105zania, ale te\u017c elementu dekoracyjnego, kt\u00f3ry podkre\u015bli charakter wn\u0119trza. Stylowe przeszklenie pozwala subtelnie do\u015bwietli\u0107 przestrze\u0144, a jednocze\u015bnie zachowa\u0107 prywatno\u015b\u0107.<\/p>\n<p>&nbsp;<\/p>\n<p>Poszukujesz drzwi, kt\u00f3re nie tylko b\u0119d\u0105 funkcjonalne, ale tak\u017ce nadadz\u0105 Twojemu wn\u0119trzu wyj\u0105tkowy, nowoczesny styl? Chcesz, aby by\u0142y trwa\u0142e, estetyczne i \u0142atwe w konserwacji? Oto nasza propozycja \u2013 Drzwi Ramiakowe !<\/p>\n<h4>Dlaczego warto wybra\u0107 nasze drzwi ramiakowe ?<\/h4>\n<p>Nasze drzwi ramiakowe\u00a0 to kwintesencja wysokiej jako\u015bci i nowoczesnego designu. Charakteryzuj\u0105 si\u0119 smuklejszym wygl\u0105dem dzi\u0119ki w\u0119\u017cszej szeroko\u015bci ramiak\u00f3w pionowych oraz mniejsz\u0105 wag\u0105, co oznacza mniejsze obci\u0105\u017cenie zawias\u00f3w.<\/p>\n<p><strong>Najwa\u017cniejsze cechy:<\/strong><\/p>\n<ul>\n<li><strong>Wysoka jako\u015b\u0107 i trwa\u0142o\u015b\u0107:<\/strong> Wykonane z pe\u0142nej p\u0142yty MDF, drzwi te s\u0105 wyj\u0105tkowo odporne na wszelkie uszkodzenia mechaniczne, co gwarantuje ich d\u0142ugowieczno\u015b\u0107.<\/li>\n<li><strong>Nowoczesny design:<\/strong> Drzwi dost\u0119pne s\u0105 w eleganckich kolorach, kt\u00f3re pozwalaj\u0105 dopasowa\u0107 je do ka\u017cdego wn\u0119trza<\/li>\n<li><strong>Technologia SOFTLine:<\/strong> Profile drzwi wykonane s\u0105 w technologii SOFTLine, kt\u00f3ra wyr\u00f3\u017cnia si\u0119 brakiem \u0142\u0105cze\u0144 okleiny na kraw\u0119dziach, co dodaje im estetycznego wygl\u0105du.<\/li>\n<li><strong>Stabilna konstrukcja:<\/strong> Technologia czopowania i ko\u0142kowania u\u017cyta do po\u0142\u0105czenia element\u00f3w pionowych i poziomych zapobiega wypaczaniu oraz opuszczaniu drzwi, nawet podczas wieloletniego u\u017cytkowania.<\/li>\n<li><strong>Komfort u\u017cytkowania:<\/strong> Drzwi wyposa\u017cone s\u0105 w 3 wkr\u0119cane zawiasy oraz szk\u0142o mleczne wzmacniane o grubo\u015bci 4mm, co zapewnia \u0142atwo\u015b\u0107 monta\u017cu, stabilno\u015b\u0107 i dodatkow\u0105 wytrzyma\u0142o\u015b\u0107.<\/li>\n<\/ul>\n<h3>Idealne do ka\u017cdego wn\u0119trza<\/h3>\n<p>Te drzwi doskonale sprawdz\u0105 si\u0119 zar\u00f3wno w nowoczesnych loftach, jak i eleganckich, klasycznych wn\u0119trzach. Dzi\u0119ki swojej uniwersalno\u015bci, mog\u0105 by\u0107 zastosowane w r\u00f3\u017cnych pomieszczeniach \u2013 od kuchni, przez salon, a\u017c po biura i gabinety.<\/p>\n<h3>Dodaj nowoczesny akcent do swojego domu ju\u017c dzi\u015b!<\/h3>\n<p>Nie czekaj \u2013 zadbaj o styl i funkcjonalno\u015b\u0107 swojego wn\u0119trza z naszymi drzwiami ramiakowymi. Kliknij \u201eDodaj do koszyka\u201d i ciesz si\u0119 wysok\u0105 jako\u015bci\u0105 oraz nowoczesnym designem ka\u017cdego dnia.<\/p>\n<p>Sprawd\u017a nasz\u0105 ofert\u0119 i wybierz drzwi, kt\u00f3re spe\u0142ni\u0105 wszystkie Twoje oczekiwania. Tw\u00f3j dom zas\u0142uguje na najlepsze!<\/p>\n<p>&nbsp;<\/p>\n<p>&nbsp;<\/p>\n<p><img loading=\"lazy\" decoding=\"async\" class=\"aligncenter size-large wp-image-3951\" title=\"KOLORY DRZWI PRIM\" src=\"https:\/\/drzwitarasy.pl\/wp-content\/uploads\/2022\/10\/PRIMY-KOLORY-PRAWIDLOWE-1024x864.jpg\" alt=\"\" width=\"640\" height=\"540\" srcset=\"https:\/\/drzwitarasy.pl\/wp-content\/uploads\/2022\/10\/PRIMY-KOLORY-PRAWIDLOWE-1024x864.jpg 1024w, https:\/\/drzwitarasy.pl\/wp-content\/uploads\/2022\/10\/PRIMY-KOLORY-PRAWIDLOWE-300x253.jpg 300w, https:\/\/drzwitarasy.pl\/wp-content\/uploads\/2022\/10\/PRIMY-KOLORY-PRAWIDLOWE-600x506.jpg 600w, https:\/\/drzwitarasy.pl\/wp-content\/uploads\/2022\/10\/PRIMY-KOLORY-PRAWIDLOWE-768x648.jpg 768w, https:\/\/drzwitarasy.pl\/wp-content\/uploads\/2022\/10\/PRIMY-KOLORY-PRAWIDLOWE.jpg 1398w\" sizes=\"auto, (max-width: 640px) 100vw, 640px\" \/><\/p>\n<p>&nbsp;<\/p>\n<p>&nbsp;<\/p>\n<p>&nbsp;<\/p>\n<p style=\"text-align: center;\"><img loading=\"lazy\" decoding=\"async\" class=\"aligncenter size-full wp-image-2860\" src=\"https:\/\/drzwitarasy.pl\/wp-content\/uploads\/2022\/10\/PRIM-SLIM-CZTERY-KOLORY-Z-OPISAMI.jpeg\" alt=\"\" width=\"1508\" height=\"802\" srcset=\"https:\/\/drzwitarasy.pl\/wp-content\/uploads\/2022\/10\/PRIM-SLIM-CZTERY-KOLORY-Z-OPISAMI.jpeg 1508w, https:\/\/drzwitarasy.pl\/wp-content\/uploads\/2022\/10\/PRIM-SLIM-CZTERY-KOLORY-Z-OPISAMI-300x160.jpeg 300w, https:\/\/drzwitarasy.pl\/wp-content\/uploads\/2022\/10\/PRIM-SLIM-CZTERY-KOLORY-Z-OPISAMI-600x319.jpeg 600w, https:\/\/drzwitarasy.pl\/wp-content\/uploads\/2022\/10\/PRIM-SLIM-CZTERY-KOLORY-Z-OPISAMI-768x408.jpeg 768w, https:\/\/drzwitarasy.pl\/wp-content\/uploads\/2022\/10\/PRIM-SLIM-CZTERY-KOLORY-Z-OPISAMI-1024x545.jpeg 1024w\" sizes=\"auto, (max-width: 1508px) 100vw, 1508px\" \/><img loading=\"lazy\" decoding=\"async\" class=\"aligncenter size-full wp-image-2861\" src=\"https:\/\/drzwitarasy.pl\/wp-content\/uploads\/2022\/10\/PRIMY-Z-OPISAMI.jpeg\" alt=\"\" width=\"1776\" height=\"2088\" srcset=\"https:\/\/drzwitarasy.pl\/wp-content\/uploads\/2022\/10\/PRIMY-Z-OPISAMI.jpeg 1776w, https:\/\/drzwitarasy.pl\/wp-content\/uploads\/2022\/10\/PRIMY-Z-OPISAMI-300x353.jpeg 300w, https:\/\/drzwitarasy.pl\/wp-content\/uploads\/2022\/10\/PRIMY-Z-OPISAMI-600x705.jpeg 600w, https:\/\/drzwitarasy.pl\/wp-content\/uploads\/2022\/10\/PRIMY-Z-OPISAMI-255x300.jpeg 255w, https:\/\/drzwitarasy.pl\/wp-content\/uploads\/2022\/10\/PRIMY-Z-OPISAMI-768x903.jpeg 768w, https:\/\/drzwitarasy.pl\/wp-content\/uploads\/2022\/10\/PRIMY-Z-OPISAMI-871x1024.jpeg 871w\" sizes=\"auto, (max-width: 1776px) 100vw, 1776px\" \/><img loading=\"lazy\" decoding=\"async\" class=\"aligncenter size-full wp-image-6819\" src=\"https:\/\/drzwitarasy.pl\/wp-content\/uploads\/2026\/02\/konstrukcja-drzwi-prestige-nowe.jpg\" alt=\"\" width=\"921\" height=\"828\" srcset=\"https:\/\/drzwitarasy.pl\/wp-content\/uploads\/2026\/02\/konstrukcja-drzwi-prestige-nowe.jpg 921w, https:\/\/drzwitarasy.pl\/wp-content\/uploads\/2026\/02\/konstrukcja-drzwi-prestige-nowe-300x270.jpg 300w, https:\/\/drzwitarasy.pl\/wp-content\/uploads\/2026\/02\/konstrukcja-drzwi-prestige-nowe-768x690.jpg 768w, https:\/\/drzwitarasy.pl\/wp-content\/uploads\/2026\/02\/konstrukcja-drzwi-prestige-nowe-600x539.jpg 600w\" sizes=\"auto, (max-width: 921px) 100vw, 921px\" \/><br \/>\n<img loading=\"lazy\" decoding=\"async\" class=\"aligncenter size-full wp-image-4564\" src=\"https:\/\/drzwitarasy.pl\/wp-content\/uploads\/2025\/02\/prim-pk-d-g-przes-mini.jpeg\" alt=\"\" width=\"1483\" height=\"1162\" srcset=\"https:\/\/drzwitarasy.pl\/wp-content\/uploads\/2025\/02\/prim-pk-d-g-przes-mini.jpeg 1483w, https:\/\/drzwitarasy.pl\/wp-content\/uploads\/2025\/02\/prim-pk-d-g-przes-mini-300x235.jpeg 300w, https:\/\/drzwitarasy.pl\/wp-content\/uploads\/2025\/02\/prim-pk-d-g-przes-mini-600x470.jpeg 600w, https:\/\/drzwitarasy.pl\/wp-content\/uploads\/2025\/02\/prim-pk-d-g-przes-mini-1024x802.jpeg 1024w, https:\/\/drzwitarasy.pl\/wp-content\/uploads\/2025\/02\/prim-pk-d-g-przes-mini-768x602.jpeg 768w\" sizes=\"auto, (max-width: 1483px) 100vw, 1483px\" \/><br \/>\nMamy przyjemno\u015b\u0107 przedstawi\u0107\u00a0<b>najnowsz\u0105 kolekcj\u0119<\/b>\u00a0designerskich drzwi ramiakowych z Linii\u00a0<b>PRESTIGE<\/b>. Skrzyd\u0142a tej serii charakteryzuj\u0105 si\u0119\u00a0<b>modernistyczn\u0105 stylizacj\u0105<\/b>\u00a0oraz\u00a0<b>wysok\u0105 trwa\u0142o\u015bcia<\/b>, zachowuj\u0105c przy tym\u00a0<b>najni\u017csz\u0105 cen\u0119<\/b>\u00a0na rynku.<\/p>\n<p style=\"text-align: center;\">Linia Prestige to rodzina skrzyde\u0142 o bardzo wysokiej jako\u015bci i odporno\u015bci na uszkodzenia mechaniczne, a tak\u017ce gwarancja uzyskania nowoczesnej stylizacji wn\u0119trz w kt\u00f3rych zostan\u0105 one zastosowane.<\/p>\n<p style=\"text-align: center;\">Proponowany model to skrzyd\u0142o drzwiowe wykonane z ramiak\u00f3w MDF uszlachetnionych oklein\u0105 drewnopodobn\u0105 o zwi\u0119kszonej odporno\u015bci na zarysowania.<\/p>\n<p><img loading=\"lazy\" decoding=\"async\" class=\"alignleft size-medium wp-image-2018\" src=\"https:\/\/drzwitarasy.pl\/wp-content\/uploads\/2022\/10\/KOLOR-DA%CC%A8B-COUNTRY-300x293.jpg\" alt=\"\" width=\"300\" height=\"293\" \/><\/p>\n<p><img loading=\"lazy\" decoding=\"async\" class=\"aligncenter size-medium wp-image-2019\" src=\"https:\/\/drzwitarasy.pl\/wp-content\/uploads\/2022\/10\/prim-da%CC%A8b-country-dwie-sztuki-265x300.jpg\" alt=\"\" width=\"265\" height=\"300\" \/><\/p>\n<p>&nbsp;<\/p>\n<p>&nbsp;<\/p>\n<p>&nbsp;<\/p>\n<p><img loading=\"lazy\" decoding=\"async\" class=\"aligncenter size-full wp-image-2011\" src=\"https:\/\/drzwitarasy.pl\/wp-content\/uploads\/2022\/10\/DA%CC%A8B-COUNTRY-PRZYK%C5%81ADOWE-ZDJE%CC%A8CIE.jpg\" alt=\"\" width=\"1648\" height=\"2552\" \/><\/p>\n","protected":false},"excerpt":{"rendered":"<ul>\n<li>3 srebrne zawiasy czopowe<\/li>\n<li>zamek: na klucz (pok\u00f3j, pe\u0142ne), na wk\u0142adk\u0119 patentow\u0105 (dodatkowa op\u0142ata) lub obrotowy (\u0142azienkowe)<\/li>\n<li>czarna szyba<\/li>\n<li>klamka\/o\u015bcie\u017cnica za dodatkow\u0105 op\u0142at\u0105 (nie wchodzi w cen\u0119 skrzyd\u0142a)<\/li>\n<\/ul>\n","protected":false},"featured_media":3197,"template":"","meta":{"_acf_changed":false,"_monsterinsights_skip_tracking":false,"_monsterinsights_sitenote_active":false,"_monsterinsights_sitenote_note":"","_monsterinsights_sitenote_category":0},"product_brand":[527],"product_cat":[30,21,516,601],"product_tag":[270,285,226,319,282,317,320,323,324,321,326,325,322,308,350,287,187,348,327,330,333,342,338,336,343,337,340,339,335,332,341,309,312,306,347,274,275,277,280,273,276,279,349,278,272,307,311,310,269,177,292,298,294,299,293,296,295,176,297,300,301,313,344,346,284,286,304,328,283,303,281,329,314,316,315,318,331,302,305,463,334,271,345,173,288,290,289,291],"class_list":{"0":"post-3170","1":"product","2":"type-product","3":"status-publish","4":"has-post-thumbnail","6":"product_brand-windoor","7":"product_cat-drzwi-prestige","8":"product_cat-drzwi-wewnetrzne","9":"product_cat-windoor","10":"product_cat-prim","11":"product_tag-castorama-drzwi-wewnetrzne","12":"product_tag-ciemne-drzwi-wewnetrzne","13":"product_tag-czarna-szyba","14":"product_tag-dre-drzwi-bezprzylgowe","15":"product_tag-drewniane-drzwi-wewnetrzne","16":"product_tag-drzwi-bezprzylgowe-co-to-znaczy","17":"product_tag-drzwi-bezprzylgowe-biale","18":"product_tag-drzwi-bezprzylgowe-castorama","19":"product_tag-drzwi-bezprzylgowe-leroy","20":"product_tag-drzwi-bezprzylgowe-oscieznica","21":"product_tag-drzwi-bezprzylgowe-z-oscieznica-cena","22":"product_tag-drzwi-bezprzylgowe-z-oscieznica-komplet","23":"product_tag-drzwi-bezprzylgowe-z-szyba","24":"product_tag-drzwi-drewniane-windoor","25":"product_tag-drzwi-loftowe-przesuwne","26":"product_tag-drzwi-nowoczesne-wewnetrzne","27":"product_tag-drzwi-od-reki","28":"product_tag-drzwi-prysznicowe-przesuwne","29":"product_tag-drzwi-przesuwne","30":"product_tag-drzwi-przesuwne-biale","31":"product_tag-drzwi-przesuwne-bricomarche","32":"product_tag-drzwi-przesuwne-castorama","33":"product_tag-drzwi-przesuwne-chowane-w-sciane","34":"product_tag-drzwi-przesuwne-do-lazienki","35":"product_tag-drzwi-przesuwne-ikea","36":"product_tag-drzwi-przesuwne-leroy-merlin","37":"product_tag-drzwi-przesuwne-na-wymiar","38":"product_tag-drzwi-przesuwne-nascienne","39":"product_tag-drzwi-przesuwne-oscieznica","40":"product_tag-drzwi-przesuwne-otwarte-teraz","41":"product_tag-drzwi-przesuwne-szklane","42":"product_tag-drzwi-przesuwne-windoor","43":"product_tag-drzwi-rozwierane-windoor","44":"product_tag-drzwi-rozwierane-windoor-80-cm","45":"product_tag-drzwi-tarasowe-przesuwne","46":"product_tag-drzwi-wewnetrzne-biale","47":"product_tag-drzwi-wewnetrzne-castorama","48":"product_tag-drzwi-wewnetrzne-cena","49":"product_tag-drzwi-wewnetrzne-czarne","50":"product_tag-drzwi-wewnetrzne-dre","51":"product_tag-drzwi-wewnetrzne-drewniane","52":"product_tag-drzwi-wewnetrzne-nowoczesne","53":"product_tag-drzwi-wewnetrzne-przesuwne","54":"product_tag-drzwi-wewnetrzne-szare","55":"product_tag-drzwi-wewnetrzne-szklane","56":"product_tag-drzwi-wewnetrzne-windoor","57":"product_tag-drzwi-wewnetrzne-windoor-castorama","58":"product_tag-drzwi-wewnetrzne-windoor-radom","59":"product_tag-drzwi-wewnetrzne-z-oscieznica","60":"product_tag-drzwi-windoor","61":"product_tag-drzwi-windoor-bricomarche","62":"product_tag-drzwi-windoor-castorama","63":"product_tag-drzwi-windoor-elegance","64":"product_tag-drzwi-windoor-elegance-opinie","65":"product_tag-drzwi-windoor-opinie","66":"product_tag-drzwi-windoor-orzech-north","67":"product_tag-drzwi-windoor-pegasus","68":"product_tag-drzwi-windoor-prim","69":"product_tag-drzwi-windoor-trame-orzech-north","70":"product_tag-drzwi-windoor-virgo-sonoma","71":"product_tag-drzwi-windoor-wymiary","72":"product_tag-drzwidladomu","73":"product_tag-ikea-drzwi-przesuwne","74":"product_tag-ikea-drzwi-przesuwne-pokojowe","75":"product_tag-jak-wstawic-drzwi-wewnetrzne","76":"product_tag-jakiej-firmy-drzwi-wewnetrzne-wybrac","77":"product_tag-katalog-drzwi-windoor","78":"product_tag-kompletny-zestaw","79":"product_tag-leroy-merlin-drzwi-wewnetrzne","80":"product_tag-montaz-drzwi-windoor","81":"product_tag-nowoczesne-drzwi-wewnetrzne","82":"product_tag-obi-drzwi-przesuwne","83":"product_tag-oscieznica-regulowana","84":"product_tag-oscieznica-regulowana-a-stala","85":"product_tag-oscieznica-regulowana-montaz","86":"product_tag-porta-drzwi-bezprzylgowe","87":"product_tag-porta-drzwi-przesuwne","88":"product_tag-producent-drzwi-windoor","89":"product_tag-producent-drzwi-windoor-opinie","90":"product_tag-reszta","91":"product_tag-system-drzwi-przesuwnych","92":"product_tag-tanie-drzwi-pokojowe","93":"product_tag-tanie-drzwi-przesuwne-nascienne","94":"product_tag-windoor","95":"product_tag-windoor-drzwi-castorama","96":"product_tag-windoor-drzwi-cennik","97":"product_tag-windoor-drzwi-opinie","98":"product_tag-windoor-sklep","99":"product_shipping_class-drzwi-windoor","101":"first","102":"instock","103":"sale","104":"featured","105":"shipping-taxable","106":"purchasable","107":"product-type-variable","108":"add-to-wishlist-after_add_to_cart"},"acf":[],"aioseo_notices":[],"jetpack_sharing_enabled":true,"_links":{"self":[{"href":"https:\/\/drzwitarasy.pl\/index.php?rest_route=\/wp\/v2\/product\/3170","targetHints":{"allow":["GET"]}}],"collection":[{"href":"https:\/\/drzwitarasy.pl\/index.php?rest_route=\/wp\/v2\/product"}],"about":[{"href":"https:\/\/drzwitarasy.pl\/index.php?rest_route=\/wp\/v2\/types\/product"}],"wp:featuredmedia":[{"embeddable":true,"href":"https:\/\/drzwitarasy.pl\/index.php?rest_route=\/wp\/v2\/media\/3197"}],"wp:attachment":[{"href":"https:\/\/drzwitarasy.pl\/index.php?rest_route=%2Fwp%2Fv2%2Fmedia&parent=3170"}],"wp:term":[{"taxonomy":"product_brand","embeddable":true,"href":"https:\/\/drzwitarasy.pl\/index.php?rest_route=%2Fwp%2Fv2%2Fproduct_brand&post=3170"},{"taxonomy":"product_cat","embeddable":true,"href":"https:\/\/drzwitarasy.pl\/index.php?rest_route=%2Fwp%2Fv2%2Fproduct_cat&post=3170"},{"taxonomy":"product_tag","embeddable":true,"href":"https:\/\/drzwitarasy.pl\/index.php?rest_route=%2Fwp%2Fv2%2Fproduct_tag&post=3170"}],"curies":[{"name":"wp","href":"https:\/\/api.w.org\/{rel}","templated":true}]}}