{"id":2670,"date":"2024-03-07T20:21:09","date_gmt":"2024-03-07T19:21:09","guid":{"rendered":"https:\/\/drzwitarasy.pl\/?post_type=product&#038;p=2670"},"modified":"2026-03-09T23:26:28","modified_gmt":"2026-03-09T22:26:28","slug":"drzwi-loretto-defendoor","status":"publish","type":"product","link":"https:\/\/drzwitarasy.pl\/?product=drzwi-loretto-defendoor","title":{"rendered":"Drzwi LORETTO Defendoor &#8211; od r\u0119ki"},"content":{"rendered":"<p><img loading=\"lazy\" decoding=\"async\" class=\"aligncenter size-full wp-image-5745\" src=\"https:\/\/drzwitarasy.pl\/wp-content\/uploads\/2024\/03\/BANER-NOWY-pegasus.jpg\" alt=\"\" width=\"2413\" height=\"1891\" srcset=\"https:\/\/drzwitarasy.pl\/wp-content\/uploads\/2024\/03\/BANER-NOWY-pegasus.jpg 2413w, https:\/\/drzwitarasy.pl\/wp-content\/uploads\/2024\/03\/BANER-NOWY-pegasus-300x235.jpg 300w, https:\/\/drzwitarasy.pl\/wp-content\/uploads\/2024\/03\/BANER-NOWY-pegasus-600x470.jpg 600w, https:\/\/drzwitarasy.pl\/wp-content\/uploads\/2024\/03\/BANER-NOWY-pegasus-1024x802.jpg 1024w, https:\/\/drzwitarasy.pl\/wp-content\/uploads\/2024\/03\/BANER-NOWY-pegasus-768x602.jpg 768w, https:\/\/drzwitarasy.pl\/wp-content\/uploads\/2024\/03\/BANER-NOWY-pegasus-1536x1204.jpg 1536w, https:\/\/drzwitarasy.pl\/wp-content\/uploads\/2024\/03\/BANER-NOWY-pegasus-2048x1605.jpg 2048w\" sizes=\"auto, (max-width: 2413px) 100vw, 2413px\" \/><\/p>\n<p>&nbsp;<\/p>\n<p><img loading=\"lazy\" decoding=\"async\" class=\"aligncenter size-full wp-image-7004\" src=\"https:\/\/drzwitarasy.pl\/wp-content\/uploads\/2024\/02\/DOSTEPNE-OD-REKI.jpg\" alt=\"\" width=\"1288\" height=\"835\" srcset=\"https:\/\/drzwitarasy.pl\/wp-content\/uploads\/2024\/02\/DOSTEPNE-OD-REKI.jpg 1288w, https:\/\/drzwitarasy.pl\/wp-content\/uploads\/2024\/02\/DOSTEPNE-OD-REKI-300x194.jpg 300w, https:\/\/drzwitarasy.pl\/wp-content\/uploads\/2024\/02\/DOSTEPNE-OD-REKI-1024x664.jpg 1024w, https:\/\/drzwitarasy.pl\/wp-content\/uploads\/2024\/02\/DOSTEPNE-OD-REKI-768x498.jpg 768w, https:\/\/drzwitarasy.pl\/wp-content\/uploads\/2024\/02\/DOSTEPNE-OD-REKI-600x389.jpg 600w\" sizes=\"auto, (max-width: 1288px) 100vw, 1288px\" \/><\/p>\n<p>&nbsp;<\/p>\n<p><img loading=\"lazy\" decoding=\"async\" class=\"aligncenter size-full wp-image-2680\" src=\"https:\/\/drzwitarasy.pl\/wp-content\/uploads\/2023\/09\/IMG_2316.jpg\" alt=\"\" width=\"892\" height=\"1232\" srcset=\"https:\/\/drzwitarasy.pl\/wp-content\/uploads\/2023\/09\/IMG_2316.jpg 892w, https:\/\/drzwitarasy.pl\/wp-content\/uploads\/2023\/09\/IMG_2316-300x414.jpg 300w, https:\/\/drzwitarasy.pl\/wp-content\/uploads\/2023\/09\/IMG_2316-600x829.jpg 600w, https:\/\/drzwitarasy.pl\/wp-content\/uploads\/2023\/09\/IMG_2316-217x300.jpg 217w, https:\/\/drzwitarasy.pl\/wp-content\/uploads\/2023\/09\/IMG_2316-768x1061.jpg 768w, https:\/\/drzwitarasy.pl\/wp-content\/uploads\/2023\/09\/IMG_2316-741x1024.jpg 741w\" sizes=\"auto, (max-width: 892px) 100vw, 892px\" \/> <img loading=\"lazy\" decoding=\"async\" class=\"aligncenter size-full wp-image-6660\" src=\"https:\/\/drzwitarasy.pl\/wp-content\/uploads\/2026\/01\/LORETTO-BEZPRZ-MOJE-a.jpg\" alt=\"\" width=\"790\" height=\"1689\" srcset=\"https:\/\/drzwitarasy.pl\/wp-content\/uploads\/2026\/01\/LORETTO-BEZPRZ-MOJE-a.jpg 790w, https:\/\/drzwitarasy.pl\/wp-content\/uploads\/2026\/01\/LORETTO-BEZPRZ-MOJE-a-140x300.jpg 140w, https:\/\/drzwitarasy.pl\/wp-content\/uploads\/2026\/01\/LORETTO-BEZPRZ-MOJE-a-479x1024.jpg 479w, https:\/\/drzwitarasy.pl\/wp-content\/uploads\/2026\/01\/LORETTO-BEZPRZ-MOJE-a-768x1642.jpg 768w, https:\/\/drzwitarasy.pl\/wp-content\/uploads\/2026\/01\/LORETTO-BEZPRZ-MOJE-a-718x1536.jpg 718w, https:\/\/drzwitarasy.pl\/wp-content\/uploads\/2026\/01\/LORETTO-BEZPRZ-MOJE-a-300x641.jpg 300w, https:\/\/drzwitarasy.pl\/wp-content\/uploads\/2026\/01\/LORETTO-BEZPRZ-MOJE-a-600x1283.jpg 600w\" sizes=\"auto, (max-width: 790px) 100vw, 790px\" \/> <img loading=\"lazy\" decoding=\"async\" class=\"aligncenter size-full wp-image-2682\" src=\"https:\/\/drzwitarasy.pl\/wp-content\/uploads\/2023\/09\/IMG_2319.jpg\" alt=\"\" width=\"700\" height=\"440\" srcset=\"https:\/\/drzwitarasy.pl\/wp-content\/uploads\/2023\/09\/IMG_2319.jpg 700w, https:\/\/drzwitarasy.pl\/wp-content\/uploads\/2023\/09\/IMG_2319-300x189.jpg 300w, https:\/\/drzwitarasy.pl\/wp-content\/uploads\/2023\/09\/IMG_2319-600x377.jpg 600w\" sizes=\"auto, (max-width: 700px) 100vw, 700px\" \/><\/p>\n<p><img loading=\"lazy\" decoding=\"async\" class=\"alignleft wp-image-6666 size-medium\" src=\"https:\/\/drzwitarasy.pl\/wp-content\/uploads\/2024\/03\/loretto-wc-lewe-183x300.jpg\" alt=\"\" width=\"183\" height=\"300\" srcset=\"https:\/\/drzwitarasy.pl\/wp-content\/uploads\/2024\/03\/loretto-wc-lewe-183x300.jpg 183w, https:\/\/drzwitarasy.pl\/wp-content\/uploads\/2024\/03\/loretto-wc-lewe-300x492.jpg 300w, https:\/\/drzwitarasy.pl\/wp-content\/uploads\/2024\/03\/loretto-wc-lewe.jpg 574w\" sizes=\"auto, (max-width: 183px) 100vw, 183px\" \/><img loading=\"lazy\" decoding=\"async\" class=\"aligncenter wp-image-6665 size-medium\" src=\"https:\/\/drzwitarasy.pl\/wp-content\/uploads\/2024\/03\/loretto-pelne-przylg-ok-220x300.jpg\" alt=\"\" width=\"220\" height=\"300\" srcset=\"https:\/\/drzwitarasy.pl\/wp-content\/uploads\/2024\/03\/loretto-pelne-przylg-ok-220x300.jpg 220w, https:\/\/drzwitarasy.pl\/wp-content\/uploads\/2024\/03\/loretto-pelne-przylg-ok-751x1024.jpg 751w, https:\/\/drzwitarasy.pl\/wp-content\/uploads\/2024\/03\/loretto-pelne-przylg-ok-768x1047.jpg 768w, https:\/\/drzwitarasy.pl\/wp-content\/uploads\/2024\/03\/loretto-pelne-przylg-ok-300x409.jpg 300w, https:\/\/drzwitarasy.pl\/wp-content\/uploads\/2024\/03\/loretto-pelne-przylg-ok-600x818.jpg 600w, https:\/\/drzwitarasy.pl\/wp-content\/uploads\/2024\/03\/loretto-pelne-przylg-ok.jpg 938w\" sizes=\"auto, (max-width: 220px) 100vw, 220px\" \/><\/p>\n<p>&nbsp;<\/p>\n<p>&nbsp;<\/p>\n<h1>LORETTO BIA\u0141E DRZWI &#8211; PE\u0141NE SKRZYD\u0141O PRZYLGOWE &#8211; wklejka ze szk\u0142a &#8211; lacobel.<\/h1>\n<p><b>CENA DRZWI (szt.) &#8211; 429 z\u0142\u00a0 \/\u00a0 \u0141azienka z podci\u0119ciem wentylacyjnym : 479 z\u0142<\/b><\/p>\n<p><b>dost\u0119pne kolory: BIA\u0141Y<\/b><\/p>\n<p>Dane techniczne<\/p>\n<ul>\n<li>\u2022 2 zawiasy dwuczopowe dodatkowo wzmocnione wkr\u0119tem<\/li>\n<li>wype\u0142nienie plaster miodu<\/li>\n<li>wewn\u0119trzna rama z litego MDF<\/li>\n<li>powierzchnia z p\u0142yty HDF<\/li>\n<li>zamek na klucz, \u0142azienka zamek Wc<\/li>\n<li>wyko\u0144czenie w okleinie BIA\u0141EJ<\/li>\n<li>SZK\u0141O LACOBEL WKLEJANE W P\u0141YTE HDF<\/li>\n<\/ul>\n<p>skrzyd\u0142o bez o\u015bcie\u017cnicy i klamki. (o\u015bcie\u017cnice dost\u0119pne na innych aukcjach)<\/p>\n<p>Drzwi dost\u0119pne od r\u0119ki w Radomiu (1-2 dni) lub dostawa na terenie ca\u0142ego kraju ok. 8 dni.<\/p>\n<p>&nbsp;<\/p>\n<p><img loading=\"lazy\" decoding=\"async\" class=\"aligncenter size-full wp-image-4364\" src=\"https:\/\/drzwitarasy.pl\/wp-content\/uploads\/2024\/12\/KONTAKT-ok.jpg\" alt=\"\" width=\"1619\" height=\"1410\" srcset=\"https:\/\/drzwitarasy.pl\/wp-content\/uploads\/2024\/12\/KONTAKT-ok.jpg 1619w, https:\/\/drzwitarasy.pl\/wp-content\/uploads\/2024\/12\/KONTAKT-ok-300x261.jpg 300w, https:\/\/drzwitarasy.pl\/wp-content\/uploads\/2024\/12\/KONTAKT-ok-600x523.jpg 600w, https:\/\/drzwitarasy.pl\/wp-content\/uploads\/2024\/12\/KONTAKT-ok-1024x892.jpg 1024w, https:\/\/drzwitarasy.pl\/wp-content\/uploads\/2024\/12\/KONTAKT-ok-768x669.jpg 768w, https:\/\/drzwitarasy.pl\/wp-content\/uploads\/2024\/12\/KONTAKT-ok-1536x1338.jpg 1536w\" sizes=\"auto, (max-width: 1619px) 100vw, 1619px\" \/><\/p>\n","protected":false},"excerpt":{"rendered":"<p><img loading=\"lazy\" decoding=\"async\" class=\"alignleft wp-image-7003 size-medium\" src=\"https:\/\/drzwitarasy.pl\/wp-content\/uploads\/2024\/02\/BANER-OD-REKI-300x171.jpg\" alt=\"\" width=\"300\" height=\"171\" srcset=\"https:\/\/drzwitarasy.pl\/wp-content\/uploads\/2024\/02\/BANER-OD-REKI-300x171.jpg 300w, https:\/\/drzwitarasy.pl\/wp-content\/uploads\/2024\/02\/BANER-OD-REKI-768x437.jpg 768w, https:\/\/drzwitarasy.pl\/wp-content\/uploads\/2024\/02\/BANER-OD-REKI-600x341.jpg 600w, https:\/\/drzwitarasy.pl\/wp-content\/uploads\/2024\/02\/BANER-OD-REKI.jpg 869w\" sizes=\"auto, (max-width: 300px) 100vw, 300px\" \/><\/p>\n","protected":false},"featured_media":7019,"template":"","meta":{"_acf_changed":false,"_monsterinsights_skip_tracking":false,"_monsterinsights_sitenote_active":false,"_monsterinsights_sitenote_note":"","_monsterinsights_sitenote_category":0},"product_brand":[528],"product_cat":[517,532,112,473,21],"product_tag":[270,285,319,282,317,320,323,324,321,326,325,322,308,350,287,187,348,327,330,333,342,338,336,343,337,340,339,335,332,341,309,312,306,347,274,275,277,280,273,276,279,349,278,272,307,311,310,269,177,292,298,294,299,293,296,295,297,300,301,313,344,346,284,286,304,328,283,303,281,329,314,316,315,318,331,302,305,334,271,345,288,290,289,291],"class_list":{"0":"post-2670","1":"product","2":"type-product","3":"status-publish","4":"has-post-thumbnail","6":"product_brand-defendoor","7":"product_cat-defendoor","8":"product_cat-drzwi-od-reki-2","9":"product_cat-drzwi-od-reki","10":"product_cat-drzwi_ramowe_defendoor","11":"product_cat-drzwi-wewnetrzne","12":"product_tag-castorama-drzwi-wewnetrzne","13":"product_tag-ciemne-drzwi-wewnetrzne","14":"product_tag-dre-drzwi-bezprzylgowe","15":"product_tag-drewniane-drzwi-wewnetrzne","16":"product_tag-drzwi-bezprzylgowe-co-to-znaczy","17":"product_tag-drzwi-bezprzylgowe-biale","18":"product_tag-drzwi-bezprzylgowe-castorama","19":"product_tag-drzwi-bezprzylgowe-leroy","20":"product_tag-drzwi-bezprzylgowe-oscieznica","21":"product_tag-drzwi-bezprzylgowe-z-oscieznica-cena","22":"product_tag-drzwi-bezprzylgowe-z-oscieznica-komplet","23":"product_tag-drzwi-bezprzylgowe-z-szyba","24":"product_tag-drzwi-drewniane-windoor","25":"product_tag-drzwi-loftowe-przesuwne","26":"product_tag-drzwi-nowoczesne-wewnetrzne","27":"product_tag-drzwi-od-reki","28":"product_tag-drzwi-prysznicowe-przesuwne","29":"product_tag-drzwi-przesuwne","30":"product_tag-drzwi-przesuwne-biale","31":"product_tag-drzwi-przesuwne-bricomarche","32":"product_tag-drzwi-przesuwne-castorama","33":"product_tag-drzwi-przesuwne-chowane-w-sciane","34":"product_tag-drzwi-przesuwne-do-lazienki","35":"product_tag-drzwi-przesuwne-ikea","36":"product_tag-drzwi-przesuwne-leroy-merlin","37":"product_tag-drzwi-przesuwne-na-wymiar","38":"product_tag-drzwi-przesuwne-nascienne","39":"product_tag-drzwi-przesuwne-oscieznica","40":"product_tag-drzwi-przesuwne-otwarte-teraz","41":"product_tag-drzwi-przesuwne-szklane","42":"product_tag-drzwi-przesuwne-windoor","43":"product_tag-drzwi-rozwierane-windoor","44":"product_tag-drzwi-rozwierane-windoor-80-cm","45":"product_tag-drzwi-tarasowe-przesuwne","46":"product_tag-drzwi-wewnetrzne-biale","47":"product_tag-drzwi-wewnetrzne-castorama","48":"product_tag-drzwi-wewnetrzne-cena","49":"product_tag-drzwi-wewnetrzne-czarne","50":"product_tag-drzwi-wewnetrzne-dre","51":"product_tag-drzwi-wewnetrzne-drewniane","52":"product_tag-drzwi-wewnetrzne-nowoczesne","53":"product_tag-drzwi-wewnetrzne-przesuwne","54":"product_tag-drzwi-wewnetrzne-szare","55":"product_tag-drzwi-wewnetrzne-szklane","56":"product_tag-drzwi-wewnetrzne-windoor","57":"product_tag-drzwi-wewnetrzne-windoor-castorama","58":"product_tag-drzwi-wewnetrzne-windoor-radom","59":"product_tag-drzwi-wewnetrzne-z-oscieznica","60":"product_tag-drzwi-windoor","61":"product_tag-drzwi-windoor-bricomarche","62":"product_tag-drzwi-windoor-castorama","63":"product_tag-drzwi-windoor-elegance","64":"product_tag-drzwi-windoor-elegance-opinie","65":"product_tag-drzwi-windoor-opinie","66":"product_tag-drzwi-windoor-orzech-north","67":"product_tag-drzwi-windoor-pegasus","68":"product_tag-drzwi-windoor-trame-orzech-north","69":"product_tag-drzwi-windoor-virgo-sonoma","70":"product_tag-drzwi-windoor-wymiary","71":"product_tag-drzwidladomu","72":"product_tag-ikea-drzwi-przesuwne","73":"product_tag-ikea-drzwi-przesuwne-pokojowe","74":"product_tag-jak-wstawic-drzwi-wewnetrzne","75":"product_tag-jakiej-firmy-drzwi-wewnetrzne-wybrac","76":"product_tag-katalog-drzwi-windoor","77":"product_tag-kompletny-zestaw","78":"product_tag-leroy-merlin-drzwi-wewnetrzne","79":"product_tag-montaz-drzwi-windoor","80":"product_tag-nowoczesne-drzwi-wewnetrzne","81":"product_tag-obi-drzwi-przesuwne","82":"product_tag-oscieznica-regulowana","83":"product_tag-oscieznica-regulowana-a-stala","84":"product_tag-oscieznica-regulowana-montaz","85":"product_tag-porta-drzwi-bezprzylgowe","86":"product_tag-porta-drzwi-przesuwne","87":"product_tag-producent-drzwi-windoor","88":"product_tag-producent-drzwi-windoor-opinie","89":"product_tag-system-drzwi-przesuwnych","90":"product_tag-tanie-drzwi-pokojowe","91":"product_tag-tanie-drzwi-przesuwne-nascienne","92":"product_tag-windoor-drzwi-castorama","93":"product_tag-windoor-drzwi-cennik","94":"product_tag-windoor-drzwi-opinie","95":"product_tag-windoor-sklep","96":"product_shipping_class-drzwi-od-reki","98":"first","99":"instock","100":"sale","101":"shipping-taxable","102":"purchasable","103":"product-type-simple","104":"add-to-wishlist-after_add_to_cart"},"acf":[],"aioseo_notices":[],"jetpack_sharing_enabled":true,"_links":{"self":[{"href":"https:\/\/drzwitarasy.pl\/index.php?rest_route=\/wp\/v2\/product\/2670","targetHints":{"allow":["GET"]}}],"collection":[{"href":"https:\/\/drzwitarasy.pl\/index.php?rest_route=\/wp\/v2\/product"}],"about":[{"href":"https:\/\/drzwitarasy.pl\/index.php?rest_route=\/wp\/v2\/types\/product"}],"wp:featuredmedia":[{"embeddable":true,"href":"https:\/\/drzwitarasy.pl\/index.php?rest_route=\/wp\/v2\/media\/7019"}],"wp:attachment":[{"href":"https:\/\/drzwitarasy.pl\/index.php?rest_route=%2Fwp%2Fv2%2Fmedia&parent=2670"}],"wp:term":[{"taxonomy":"product_brand","embeddable":true,"href":"https:\/\/drzwitarasy.pl\/index.php?rest_route=%2Fwp%2Fv2%2Fproduct_brand&post=2670"},{"taxonomy":"product_cat","embeddable":true,"href":"https:\/\/drzwitarasy.pl\/index.php?rest_route=%2Fwp%2Fv2%2Fproduct_cat&post=2670"},{"taxonomy":"product_tag","embeddable":true,"href":"https:\/\/drzwitarasy.pl\/index.php?rest_route=%2Fwp%2Fv2%2Fproduct_tag&post=2670"}],"curies":[{"name":"wp","href":"https:\/\/api.w.org\/{rel}","templated":true}]}}