{"id":2151,"date":"2023-07-01T13:59:06","date_gmt":"2023-07-01T11:59:06","guid":{"rendered":"https:\/\/drzwitarasy.pl\/?post_type=product&#038;p=2151"},"modified":"2026-03-10T01:56:08","modified_gmt":"2026-03-10T00:56:08","slug":"drzwi-presto-windoor","status":"publish","type":"product","link":"https:\/\/drzwitarasy.pl\/?product=drzwi-presto-windoor","title":{"rendered":"Presto drzwi p\u0142ycinowe standard"},"content":{"rendered":"<p><img loading=\"lazy\" decoding=\"async\" class=\"aligncenter size-full wp-image-6492\" src=\"https:\/\/drzwitarasy.pl\/wp-content\/uploads\/2026\/01\/BANER-NOWY-ZMIENIONY.jpg\" alt=\"\" width=\"2420\" height=\"948\" srcset=\"https:\/\/drzwitarasy.pl\/wp-content\/uploads\/2026\/01\/BANER-NOWY-ZMIENIONY.jpg 2420w, https:\/\/drzwitarasy.pl\/wp-content\/uploads\/2026\/01\/BANER-NOWY-ZMIENIONY-300x118.jpg 300w, https:\/\/drzwitarasy.pl\/wp-content\/uploads\/2026\/01\/BANER-NOWY-ZMIENIONY-1024x401.jpg 1024w, https:\/\/drzwitarasy.pl\/wp-content\/uploads\/2026\/01\/BANER-NOWY-ZMIENIONY-768x301.jpg 768w, https:\/\/drzwitarasy.pl\/wp-content\/uploads\/2026\/01\/BANER-NOWY-ZMIENIONY-1536x602.jpg 1536w, https:\/\/drzwitarasy.pl\/wp-content\/uploads\/2026\/01\/BANER-NOWY-ZMIENIONY-2048x802.jpg 2048w, https:\/\/drzwitarasy.pl\/wp-content\/uploads\/2026\/01\/BANER-NOWY-ZMIENIONY-600x235.jpg 600w\" sizes=\"auto, (max-width: 2420px) 100vw, 2420px\" \/><\/p>\n<p style=\"text-align: center;\"><span style=\"font-size: 24pt;\">MODEL PRESTO<\/span><\/p>\n<p><img loading=\"lazy\" decoding=\"async\" class=\"aligncenter size-full wp-image-4533\" src=\"https:\/\/drzwitarasy.pl\/wp-content\/uploads\/2023\/07\/PRESTO.jpg\" alt=\"\" width=\"1120\" height=\"654\" srcset=\"https:\/\/drzwitarasy.pl\/wp-content\/uploads\/2023\/07\/PRESTO.jpg 1120w, https:\/\/drzwitarasy.pl\/wp-content\/uploads\/2023\/07\/PRESTO-300x175.jpg 300w, https:\/\/drzwitarasy.pl\/wp-content\/uploads\/2023\/07\/PRESTO-600x350.jpg 600w, https:\/\/drzwitarasy.pl\/wp-content\/uploads\/2023\/07\/PRESTO-1024x598.jpg 1024w, https:\/\/drzwitarasy.pl\/wp-content\/uploads\/2023\/07\/PRESTO-768x448.jpg 768w\" sizes=\"auto, (max-width: 1120px) 100vw, 1120px\" \/><\/p>\n<p style=\"text-align: center;\">Mamy przyjemno\u015b\u0107 przedstawi\u0107\u00a0<b>najnowsz\u0105 kolekcj\u0119<\/b>\u00a0drzwi wewn\u0119trznych. Skrzyd\u0142a te pokryte s\u0105 oklein\u0105 drewnopodobn\u0105 zapewniaj\u0105c\u0105\u00a0<b>wysokie walory estetyczne<\/b>, dzi\u0119ki kt\u00f3rym drzwi doskonale prezentuj\u0105 si\u0119 w Pa\u0144stwa domach.<\/p>\n<p style=\"text-align: center;\"><b>Unikalna struktura folii<\/b>\u00a0umo\u017cliwia odbijanie promieni s\u0142onecznych, co sprawia, \u017ce drzwi posiadaj\u0105 r\u00f3\u017cne odcienie w zale\u017cno\u015bci od pory dnia i nas\u0142onecznienia.<\/p>\n<p style=\"text-align: center;\">Proponowany model to skrzyd\u0142o drzwiowe wykonane z ramy MDF wype\u0142nionej wk\u0142adem stabilizuj\u0105cym w postaci tzw. plastra miodu. Rama wraz z wype\u0142nieniem jest dwustronnie ob\u0142o\u017cona p\u0142yt\u0105 HDF i oklejona Finish Foli\u0105 w kolorze drewna.<\/p>\n<p>&nbsp;<\/p>\n<h3 data-section-id=\"hotgr\" data-start=\"103\" data-end=\"144\"><strong data-start=\"107\" data-end=\"144\">Drzwi Wewn\u0119trzne Presto \u2013 Windoor<\/strong><\/h3>\n<p data-start=\"146\" data-end=\"401\">Drzwi wewn\u0119trzne <strong data-start=\"163\" data-end=\"173\">Presto<\/strong> od <strong data-start=\"177\" data-end=\"188\">Windoor<\/strong> to uniwersalne i estetyczne rozwi\u0105zanie do ka\u017cdego domu i mieszkania. Model ten \u0142\u0105czy klasyczny design z solidn\u0105 konstrukcj\u0105, oferuj\u0105c komfort u\u017cytkowania i trwa\u0142o\u015b\u0107 na lata.<\/p>\n<h4 data-start=\"403\" data-end=\"433\"><strong data-start=\"408\" data-end=\"433\">G\u0142\u00f3wne cechy produktu<\/strong><\/h4>\n<ul data-start=\"434\" data-end=\"1287\">\n<li data-section-id=\"slddya\" data-start=\"434\" data-end=\"583\">\n<p data-start=\"436\" data-end=\"583\"><strong data-start=\"436\" data-end=\"452\">Konstrukcja:<\/strong> Rama MDF z wype\u0142nieniem stabilizuj\u0105cym (plaster miodu) \u2013 lekka, a jednocze\u015bnie wytrzyma\u0142a.<\/p>\n<\/li>\n<li data-section-id=\"egy5g9\" data-start=\"584\" data-end=\"719\">\n<p data-start=\"586\" data-end=\"719\"><strong data-start=\"586\" data-end=\"602\">Wyko\u0144czenie:<\/strong> Dwustronna p\u0142yta HDF z trwa\u0142\u0105 foli\u0105 finish o wysokich walorach estetycznych.<\/p>\n<\/li>\n<li data-section-id=\"yjxzbe\" data-start=\"720\" data-end=\"843\">\n<p data-start=\"722\" data-end=\"843\"><strong data-start=\"722\" data-end=\"732\">Szk\u0142o:<\/strong> Szyba mleczna wzmacniana o grubo\u015bci 4\u202fmm (w wersjach z przeszkleniem).<\/p>\n<\/li>\n<li data-section-id=\"1dr2pug\" data-start=\"844\" data-end=\"948\">\n<p data-start=\"846\" data-end=\"948\"><strong data-start=\"846\" data-end=\"857\">Okucia:<\/strong> Standardowo 2 regulowane zawiasy w kolorze srebra.<\/p>\n<\/li>\n<li data-section-id=\"7mjr07\" data-start=\"949\" data-end=\"1081\">\n<p data-start=\"951\" data-end=\"1081\"><strong data-start=\"951\" data-end=\"963\">Rodzaje:<\/strong> Dost\u0119pne warianty \u2013 drzwi pokojowe, \u0142azienkowe oraz pe\u0142ne (bez przeszklenia).<\/p>\n<\/li>\n<li data-section-id=\"1ja5mge\" data-start=\"1082\" data-end=\"1287\">\n<p data-start=\"1084\" data-end=\"1106\"><strong data-start=\"1084\" data-end=\"1104\">Opcje dodatkowe:<\/strong><\/p>\n<ul data-start=\"1109\" data-end=\"1287\">\n<li data-section-id=\"1ulg61h\" data-start=\"1109\" data-end=\"1150\">\n<p data-start=\"1111\" data-end=\"1150\">r\u00f3\u017cne szeroko\u015bci (60,\u202f70,\u202f80,\u202f90\u202fcm),<\/p>\n<\/li>\n<li data-section-id=\"1nvuewv\" data-start=\"1153\" data-end=\"1204\">\n<p data-start=\"1155\" data-end=\"1204\">podci\u0119cie wentylacyjne lub tuleje wentylacyjne,<\/p>\n<\/li>\n<li data-section-id=\"1use7ba\" data-start=\"1207\" data-end=\"1287\">\n<p data-start=\"1209\" data-end=\"1287\">zamki: na klucz, \u0142azienkowy, na wk\u0142adk\u0119.<\/p>\n<\/li>\n<\/ul>\n<\/li>\n<\/ul>\n<h4 data-start=\"1289\" data-end=\"1327\"><strong data-start=\"1294\" data-end=\"1327\">Dlaczego warto wybra\u0107 Presto?<\/strong><\/h4>\n<p data-start=\"1328\" data-end=\"1590\">Drzwi <strong data-start=\"1334\" data-end=\"1344\">Presto<\/strong> to idealny kompromis mi\u0119dzy funkcjonalno\u015bci\u0105 a atrakcyjnym wygl\u0105dem. Dzi\u0119ki klasycznemu wzornictwu \u015bwietnie komponuj\u0105 si\u0119 z r\u00f3\u017cnymi aran\u017cacjami wn\u0119trz, a solidne wykonanie gwarantuje d\u0142ugotrwa\u0142e u\u017cytkowanie.<\/p>\n<p>&nbsp;<\/p>\n<p><img loading=\"lazy\" decoding=\"async\" class=\"aligncenter size-full wp-image-7033\" src=\"https:\/\/drzwitarasy.pl\/wp-content\/uploads\/2023\/02\/KOLORY-presto-i-karina-NOWE.jpg\" alt=\"\" width=\"758\" height=\"594\" srcset=\"https:\/\/drzwitarasy.pl\/wp-content\/uploads\/2023\/02\/KOLORY-presto-i-karina-NOWE.jpg 758w, https:\/\/drzwitarasy.pl\/wp-content\/uploads\/2023\/02\/KOLORY-presto-i-karina-NOWE-300x235.jpg 300w, https:\/\/drzwitarasy.pl\/wp-content\/uploads\/2023\/02\/KOLORY-presto-i-karina-NOWE-600x470.jpg 600w\" sizes=\"auto, (max-width: 758px) 100vw, 758px\" \/><\/p>\n<p><img loading=\"lazy\" decoding=\"async\" class=\"aligncenter size-full wp-image-6443\" src=\"https:\/\/drzwitarasy.pl\/wp-content\/uploads\/2021\/02\/plaster-miodu-nowy.jpg\" alt=\"\" width=\"319\" height=\"158\" srcset=\"https:\/\/drzwitarasy.pl\/wp-content\/uploads\/2021\/02\/plaster-miodu-nowy.jpg 319w, https:\/\/drzwitarasy.pl\/wp-content\/uploads\/2021\/02\/plaster-miodu-nowy-300x149.jpg 300w\" sizes=\"auto, (max-width: 319px) 100vw, 319px\" \/><\/p>\n<p><img loading=\"lazy\" decoding=\"async\" class=\"aligncenter size-full wp-image-4440\" src=\"https:\/\/drzwitarasy.pl\/wp-content\/uploads\/2024\/03\/IMG_2144.jpg\" alt=\"\" width=\"1206\" height=\"990\" srcset=\"https:\/\/drzwitarasy.pl\/wp-content\/uploads\/2024\/03\/IMG_2144.jpg 1206w, https:\/\/drzwitarasy.pl\/wp-content\/uploads\/2024\/03\/IMG_2144-300x246.jpg 300w, https:\/\/drzwitarasy.pl\/wp-content\/uploads\/2024\/03\/IMG_2144-600x493.jpg 600w, https:\/\/drzwitarasy.pl\/wp-content\/uploads\/2024\/03\/IMG_2144-1024x841.jpg 1024w, https:\/\/drzwitarasy.pl\/wp-content\/uploads\/2024\/03\/IMG_2144-768x630.jpg 768w\" sizes=\"auto, (max-width: 1206px) 100vw, 1206px\" \/><\/p>\n<p>&nbsp;<\/p>\n","protected":false},"excerpt":{"rendered":"<ul>\n<li>2 srebrne zawiasy \u0142o\u017cyskowe<\/li>\n<li>zamek: na klucz (pok\u00f3j, pe\u0142ne), na wk\u0142adk\u0119 patentow\u0105 (dodatkowa op\u0142ata) lub obrotowy (\u0142azienkowe)<\/li>\n<li>klamka\/o\u015bcie\u017cnica za dodatkow\u0105 op\u0142at\u0105 (nie wchodzi w cen\u0119 skrzyd\u0142a)<\/li>\n<\/ul>\n","protected":false},"featured_media":2158,"template":"","meta":{"_acf_changed":false,"_monsterinsights_skip_tracking":false,"_monsterinsights_sitenote_active":false,"_monsterinsights_sitenote_note":"","_monsterinsights_sitenote_category":0},"product_brand":[527],"product_cat":[22,21],"product_tag":[179,467,369,173],"class_list":{"0":"post-2151","1":"product","2":"type-product","3":"status-publish","4":"has-post-thumbnail","6":"product_brand-windoor","7":"product_cat-drzwi-standard","8":"product_cat-drzwi-wewnetrzne","9":"product_tag-drzwi-wewnetrzne","10":"product_tag-papierzaki","11":"product_tag-presto","12":"product_tag-windoor","13":"product_shipping_class-drzwi-windoor","15":"first","16":"instock","17":"sale","18":"shipping-taxable","19":"purchasable","20":"product-type-simple","21":"add-to-wishlist-after_add_to_cart"},"acf":[],"aioseo_notices":[],"jetpack_sharing_enabled":true,"_links":{"self":[{"href":"https:\/\/drzwitarasy.pl\/index.php?rest_route=\/wp\/v2\/product\/2151","targetHints":{"allow":["GET"]}}],"collection":[{"href":"https:\/\/drzwitarasy.pl\/index.php?rest_route=\/wp\/v2\/product"}],"about":[{"href":"https:\/\/drzwitarasy.pl\/index.php?rest_route=\/wp\/v2\/types\/product"}],"wp:featuredmedia":[{"embeddable":true,"href":"https:\/\/drzwitarasy.pl\/index.php?rest_route=\/wp\/v2\/media\/2158"}],"wp:attachment":[{"href":"https:\/\/drzwitarasy.pl\/index.php?rest_route=%2Fwp%2Fv2%2Fmedia&parent=2151"}],"wp:term":[{"taxonomy":"product_brand","embeddable":true,"href":"https:\/\/drzwitarasy.pl\/index.php?rest_route=%2Fwp%2Fv2%2Fproduct_brand&post=2151"},{"taxonomy":"product_cat","embeddable":true,"href":"https:\/\/drzwitarasy.pl\/index.php?rest_route=%2Fwp%2Fv2%2Fproduct_cat&post=2151"},{"taxonomy":"product_tag","embeddable":true,"href":"https:\/\/drzwitarasy.pl\/index.php?rest_route=%2Fwp%2Fv2%2Fproduct_tag&post=2151"}],"curies":[{"name":"wp","href":"https:\/\/api.w.org\/{rel}","templated":true}]}}