{"id":1935,"date":"2022-10-22T19:24:02","date_gmt":"2022-10-22T17:24:02","guid":{"rendered":"https:\/\/drzwitarasy.pl\/?post_type=product&#038;p=1935"},"modified":"2026-04-14T03:36:02","modified_gmt":"2026-04-14T01:36:02","slug":"drzwi-prim-czarne-wstawki-windoor","status":"publish","type":"product","link":"https:\/\/drzwitarasy.pl\/?product=drzwi-prim-czarne-wstawki-windoor","title":{"rendered":"Prim czarne wstawki drzwi wewn\u0119trzne Prestige"},"content":{"rendered":"<p><img loading=\"lazy\" decoding=\"async\" class=\"aligncenter size-full wp-image-4576\" src=\"https:\/\/drzwitarasy.pl\/wp-content\/uploads\/2025\/02\/img_2952-2.jpeg\" alt=\"\" width=\"1092\" height=\"1199\" srcset=\"https:\/\/drzwitarasy.pl\/wp-content\/uploads\/2025\/02\/img_2952-2.jpeg 1092w, https:\/\/drzwitarasy.pl\/wp-content\/uploads\/2025\/02\/img_2952-2-300x329.jpeg 300w, https:\/\/drzwitarasy.pl\/wp-content\/uploads\/2025\/02\/img_2952-2-600x659.jpeg 600w, https:\/\/drzwitarasy.pl\/wp-content\/uploads\/2025\/02\/img_2952-2-273x300.jpeg 273w, https:\/\/drzwitarasy.pl\/wp-content\/uploads\/2025\/02\/img_2952-2-933x1024.jpeg 933w, https:\/\/drzwitarasy.pl\/wp-content\/uploads\/2025\/02\/img_2952-2-768x843.jpeg 768w\" sizes=\"auto, (max-width: 1092px) 100vw, 1092px\" \/><\/p>\n<p>&nbsp;<\/p>\n<h3 data-section-id=\"1z0ngcb\" data-start=\"167\" data-end=\"223\"><strong data-start=\"171\" data-end=\"223\">Drzwi wewn\u0119trzne PRIM \u2013 czarne wstawki | Windoor<\/strong><\/h3>\n<p data-start=\"225\" data-end=\"417\">Nowoczesne drzwi <strong data-start=\"242\" data-end=\"271\">PRIM z czarnymi wstawkami<\/strong> to idealne po\u0142\u0105czenie stylu, trwa\u0142o\u015bci i elegancji. Zaprojektowane z my\u015bl\u0105 o nowoczesnych wn\u0119trzach, gdzie design spotyka si\u0119 z funkcjonalno\u015bci\u0105.<\/p>\n<h4 data-start=\"419\" data-end=\"445\">\ud83d\udda4 <strong data-start=\"427\" data-end=\"445\">Stylowy design<\/strong><\/h4>\n<p data-start=\"446\" data-end=\"698\">Drzwi wyr\u00f3\u017cniaj\u0105 si\u0119 modnymi <strong data-start=\"475\" data-end=\"497\">czarnymi wstawkami<\/strong>, kt\u00f3re nadaj\u0105 im wyrazistego, designerskiego charakteru. Minimalistyczna forma i kontrastowe detale \u015bwietnie komponuj\u0105 si\u0119 zar\u00f3wno z surowymi, jak i eleganckimi aran\u017cacjami salon\u00f3w, sypialni czy biur.<\/p>\n<h4 data-start=\"700\" data-end=\"732\">\ud83d\udee0\ufe0f <strong data-start=\"709\" data-end=\"732\">Solidna konstrukcja<\/strong><\/h4>\n<ul data-start=\"733\" data-end=\"1027\">\n<li data-section-id=\"5a49il\" data-start=\"733\" data-end=\"850\">\n<p data-start=\"735\" data-end=\"850\">Wykonane z wysokiej jako\u015bci p\u0142yty MDF z ramiakow\u0105 konstrukcj\u0105, co zapewnia stabilno\u015b\u0107 i odporno\u015b\u0107 na odkszta\u0142cenia.<\/p>\n<\/li>\n<li data-section-id=\"hyxvuv\" data-start=\"851\" data-end=\"937\">\n<p data-start=\"853\" data-end=\"937\">Technologia <strong data-start=\"865\" data-end=\"877\">SOFTLine<\/strong> \u2013 idealnie g\u0142adkie kraw\u0119dzie bez widocznych \u0142\u0105cze\u0144 okleiny.<\/p>\n<\/li>\n<li data-section-id=\"1inbufa\" data-start=\"938\" data-end=\"1027\">\n<p data-start=\"940\" data-end=\"1027\">Trwa\u0142e po\u0142\u0105czenia czopowo\u2011ko\u0142kowe oraz standardowe wyposa\u017cenie w <strong data-start=\"1005\" data-end=\"1026\">3 zawiasy stalowe<\/strong>.<\/p>\n<\/li>\n<\/ul>\n<h4 data-start=\"1029\" data-end=\"1077\">\ud83d\udd12 <strong data-start=\"1037\" data-end=\"1077\">Funkcjonalno\u015b\u0107 dopasowana do potrzeb<\/strong><\/h4>\n<p data-start=\"1078\" data-end=\"1114\">Drzwi dost\u0119pne w r\u00f3\u017cnych wariantach:<\/p>\n<ul data-start=\"1115\" data-end=\"1333\">\n<li data-section-id=\"6c95ny\" data-start=\"1115\" data-end=\"1167\">\n<p data-start=\"1117\" data-end=\"1167\">pokojowe, \u0142azienkowe (z podci\u0119ciem wentylacyjnym),<\/p>\n<\/li>\n<li data-section-id=\"gonxct\" data-start=\"1168\" data-end=\"1215\">\n<p data-start=\"1170\" data-end=\"1215\">pe\u0142ne lub z dekoracyjnymi czarnymi wstawkami,<\/p>\n<\/li>\n<li data-section-id=\"1ulkjj5\" data-start=\"1216\" data-end=\"1249\">\n<p data-start=\"1218\" data-end=\"1249\">szeroko\u015b\u0107: od <strong data-start=\"1232\" data-end=\"1248\">60 do 100\u202fcm<\/strong>,<\/p>\n<\/li>\n<li data-section-id=\"3nw6n9\" data-start=\"1250\" data-end=\"1287\">\n<p data-start=\"1252\" data-end=\"1287\">wyb\u00f3r kierunku otwierania: <strong data-start=\"1279\" data-end=\"1286\">L\/P<\/strong>,<\/p>\n<\/li>\n<li data-section-id=\"15obpzw\" data-start=\"1288\" data-end=\"1333\">\n<p data-start=\"1290\" data-end=\"1333\">mo\u017cliwo\u015b\u0107 zam\u00f3wienia wersji <strong data-start=\"1318\" data-end=\"1332\">przesuwnej<\/strong>.<\/p>\n<\/li>\n<\/ul>\n<h4 data-start=\"1335\" data-end=\"1371\">\ud83c\udfaf <strong data-start=\"1343\" data-end=\"1371\">Uniwersalne zastosowanie<\/strong><\/h4>\n<p data-start=\"1372\" data-end=\"1398\">Drzwi PRIM sprawdz\u0105 si\u0119 w:<\/p>\n<ul data-start=\"1399\" data-end=\"1504\">\n<li data-section-id=\"5i2rny\" data-start=\"1399\" data-end=\"1423\">\n<p data-start=\"1401\" data-end=\"1423\">mieszkaniach i domach,<\/p>\n<\/li>\n<li data-section-id=\"1salhvn\" data-start=\"1424\" data-end=\"1464\">\n<p data-start=\"1426\" data-end=\"1464\">biurach i przestrzeniach komercyjnych,<\/p>\n<\/li>\n<li data-section-id=\"821zjw\" data-start=\"1465\" data-end=\"1504\">\n<p data-start=\"1467\" data-end=\"1504\">aran\u017cacjach nowoczesnych i loftowych.<\/p>\n<\/li>\n<\/ul>\n<h4 data-start=\"1506\" data-end=\"1538\">\ud83d\udce6 <strong data-start=\"1514\" data-end=\"1538\">Dodatkowe informacje<\/strong><\/h4>\n<ul data-start=\"1539\" data-end=\"1704\">\n<li data-section-id=\"1ii7kw2\" data-start=\"1539\" data-end=\"1629\">\n<p data-start=\"1541\" data-end=\"1629\">Klamki i o\u015bcie\u017cnice sprzedawane <strong data-start=\"1573\" data-end=\"1587\">oddzielnie<\/strong> \u2013 mo\u017cesz dopasowa\u0107 je do swojego wn\u0119trza.<\/p>\n<\/li>\n<li data-section-id=\"qmiyjh\" data-start=\"1630\" data-end=\"1704\">\n<p data-start=\"1632\" data-end=\"1704\">Opcje dodatkowe: podci\u0119cie wentylacyjne, tuleje w drzwiach \u0142azienkowych.<\/p>\n<\/li>\n<\/ul>\n<hr data-start=\"1706\" data-end=\"1709\" \/>\n<h3 data-section-id=\"3m1fbi\" data-start=\"1711\" data-end=\"1767\"><strong data-start=\"1715\" data-end=\"1767\">Dlaczego warto wybra\u0107 PRIM z czarnymi wstawkami?<\/strong><\/h3>\n<p data-start=\"1768\" data-end=\"1915\">\u2714 nowoczesny, efektowny wygl\u0105d<br data-start=\"1798\" data-end=\"1801\" \/>\u2714 solidne wykonanie i trwa\u0142e materia\u0142y<br data-start=\"1839\" data-end=\"1842\" \/>\u2714 szeroki wyb\u00f3r wersji i konfiguracji<br data-start=\"1879\" data-end=\"1882\" \/>\u2714 pasuje do wielu styl\u00f3w wn\u0119trz<\/p>\n<p data-start=\"1768\" data-end=\"1915\">\n<p>&nbsp;<\/p>\n<p>Poszukujesz drzwi, kt\u00f3re nie tylko b\u0119d\u0105 funkcjonalne, ale tak\u017ce nadadz\u0105 Twojemu wn\u0119trzu wyj\u0105tkowy, nowoczesny styl? Chcesz, aby by\u0142y trwa\u0142e, estetyczne i \u0142atwe w konserwacji? Oto nasza propozycja \u2013 Drzwi Ramiakowe z Serii SLIM!<\/p>\n<h4>Dlaczego warto wybra\u0107 nasze drzwi ramiakowe z Serii SLIM?<\/h4>\n<p>Nasze drzwi ramiakowe z Serii SLIM to kwintesencja wysokiej jako\u015bci i nowoczesnego designu. Charakteryzuj\u0105 si\u0119 smuklejszym wygl\u0105dem dzi\u0119ki w\u0119\u017cszej szeroko\u015bci ramiak\u00f3w pionowych oraz mniejsz\u0105 wag\u0105, co oznacza mniejsze obci\u0105\u017cenie zawias\u00f3w.<\/p>\n<p><strong>Najwa\u017cniejsze cechy:<\/strong><\/p>\n<ul>\n<li><strong>Wysoka jako\u015b\u0107 i trwa\u0142o\u015b\u0107:<\/strong> Wykonane z pe\u0142nej p\u0142yty MDF, drzwi te s\u0105 wyj\u0105tkowo odporne na wszelkie uszkodzenia mechaniczne, co gwarantuje ich d\u0142ugowieczno\u015b\u0107.<\/li>\n<li><strong>Nowoczesny design:<\/strong> Drzwi dost\u0119pne s\u0105 w eleganckich kolorach, kt\u00f3re pozwalaj\u0105 dopasowa\u0107 je do ka\u017cdego wn\u0119trza:<\/li>\n<\/ul>\n<p style=\"text-align: center;\"><strong>&#8211; CIEMNY BETON<\/strong><\/p>\n<p style=\"text-align: center;\"><strong>&#8211; BIA\u0141Y<\/strong><\/p>\n<p style=\"text-align: center;\"><strong>&#8211; SILVER<\/strong><\/p>\n<p style=\"text-align: center;\"><strong>&#8211; D\u0104B G\u00d3RSKI<\/strong><\/p>\n<p>&nbsp;<\/p>\n<ul>\n<li><strong>Technologia SOFTLine:<\/strong> Profile drzwi wykonane s\u0105 w technologii SOFTLine, kt\u00f3ra wyr\u00f3\u017cnia si\u0119 brakiem \u0142\u0105cze\u0144 okleiny na kraw\u0119dziach, co dodaje im estetycznego wygl\u0105du.<\/li>\n<li><strong>Stabilna konstrukcja:<\/strong> Technologia czopowania i ko\u0142kowania u\u017cyta do po\u0142\u0105czenia element\u00f3w pionowych i poziomych zapobiega wypaczaniu oraz opuszczaniu drzwi, nawet podczas wieloletniego u\u017cytkowania.<\/li>\n<li><strong>Komfort u\u017cytkowania:<\/strong> Drzwi wyposa\u017cone s\u0105 w 3 wkr\u0119cane zawiasy oraz czarne wstawki zamiast szklenia\u00a0 (szk\u0142o mleczne i czarne r\u00f3wnie\u017c dost\u0119pne)<\/li>\n<\/ul>\n<h3>Idealne do ka\u017cdego wn\u0119trza<\/h3>\n<p>Te drzwi doskonale sprawdz\u0105 si\u0119 zar\u00f3wno w nowoczesnych loftach, jak i eleganckich, klasycznych wn\u0119trzach. Dzi\u0119ki swojej uniwersalno\u015bci, mog\u0105 by\u0107 zastosowane w r\u00f3\u017cnych pomieszczeniach \u2013 od kuchni, przez salon, a\u017c po biura i gabinety.<\/p>\n<h3>Dodaj nowoczesny akcent do swojego domu ju\u017c dzi\u015b!<\/h3>\n<p>Nie czekaj \u2013 zadbaj o styl i funkcjonalno\u015b\u0107 swojego wn\u0119trza z naszymi drzwiami ramiakowymi z Serii SLIM. Kliknij \u201eDodaj do koszyka\u201d i ciesz si\u0119 wysok\u0105 jako\u015bci\u0105 oraz nowoczesnym designem ka\u017cdego dnia.<\/p>\n<p>Sprawd\u017a nasz\u0105 ofert\u0119 i wybierz drzwi, kt\u00f3re spe\u0142ni\u0105 wszystkie Twoje oczekiwania. Tw\u00f3j dom zas\u0142uguje na najlepsze.<\/p>\n<p>Model PRIM SLIM z czarnymi wstawkami, kolory BIA\u0141Y, SILVER, D\u0104B G\u00d3RSKI.<\/p>\n<ul>\n<li>czarne wstawki zamiast szklenia (szklenie mleczne i czarne\u00a0 dost\u0119pne)<\/li>\n<li>pok\u00f3j , \u0142azienka (trzy czarne wstawki od g\u00f3ry, zamek wc i podci\u0119cie wentylacyjne)<\/li>\n<\/ul>\n<p><img loading=\"lazy\" decoding=\"async\" class=\"aligncenter size-large wp-image-3951\" src=\"https:\/\/drzwitarasy.pl\/wp-content\/uploads\/2022\/10\/PRIMY-KOLORY-PRAWIDLOWE-1024x864.jpg\" alt=\"\" width=\"640\" height=\"540\" srcset=\"https:\/\/drzwitarasy.pl\/wp-content\/uploads\/2022\/10\/PRIMY-KOLORY-PRAWIDLOWE-1024x864.jpg 1024w, https:\/\/drzwitarasy.pl\/wp-content\/uploads\/2022\/10\/PRIMY-KOLORY-PRAWIDLOWE-300x253.jpg 300w, https:\/\/drzwitarasy.pl\/wp-content\/uploads\/2022\/10\/PRIMY-KOLORY-PRAWIDLOWE-600x506.jpg 600w, https:\/\/drzwitarasy.pl\/wp-content\/uploads\/2022\/10\/PRIMY-KOLORY-PRAWIDLOWE-768x648.jpg 768w, https:\/\/drzwitarasy.pl\/wp-content\/uploads\/2022\/10\/PRIMY-KOLORY-PRAWIDLOWE.jpg 1398w\" sizes=\"auto, (max-width: 640px) 100vw, 640px\" \/><\/p>\n<p><img loading=\"lazy\" decoding=\"async\" class=\"aligncenter size-full wp-image-4579\" src=\"https:\/\/drzwitarasy.pl\/wp-content\/uploads\/2025\/02\/img_2954-2.jpeg\" alt=\"\" width=\"1206\" height=\"1450\" srcset=\"https:\/\/drzwitarasy.pl\/wp-content\/uploads\/2025\/02\/img_2954-2.jpeg 1206w, https:\/\/drzwitarasy.pl\/wp-content\/uploads\/2025\/02\/img_2954-2-300x361.jpeg 300w, https:\/\/drzwitarasy.pl\/wp-content\/uploads\/2025\/02\/img_2954-2-600x721.jpeg 600w, https:\/\/drzwitarasy.pl\/wp-content\/uploads\/2025\/02\/img_2954-2-250x300.jpeg 250w, https:\/\/drzwitarasy.pl\/wp-content\/uploads\/2025\/02\/img_2954-2-852x1024.jpeg 852w, https:\/\/drzwitarasy.pl\/wp-content\/uploads\/2025\/02\/img_2954-2-768x923.jpeg 768w\" sizes=\"auto, (max-width: 1206px) 100vw, 1206px\" \/><img loading=\"lazy\" decoding=\"async\" class=\"aligncenter size-full wp-image-4579\" src=\"https:\/\/drzwitarasy.pl\/wp-content\/uploads\/2025\/02\/img_2954-2.jpeg\" alt=\"\" width=\"1206\" height=\"1450\" srcset=\"https:\/\/drzwitarasy.pl\/wp-content\/uploads\/2025\/02\/img_2954-2.jpeg 1206w, https:\/\/drzwitarasy.pl\/wp-content\/uploads\/2025\/02\/img_2954-2-300x361.jpeg 300w, https:\/\/drzwitarasy.pl\/wp-content\/uploads\/2025\/02\/img_2954-2-600x721.jpeg 600w, https:\/\/drzwitarasy.pl\/wp-content\/uploads\/2025\/02\/img_2954-2-250x300.jpeg 250w, https:\/\/drzwitarasy.pl\/wp-content\/uploads\/2025\/02\/img_2954-2-852x1024.jpeg 852w, https:\/\/drzwitarasy.pl\/wp-content\/uploads\/2025\/02\/img_2954-2-768x923.jpeg 768w\" sizes=\"auto, (max-width: 1206px) 100vw, 1206px\" \/><img loading=\"lazy\" decoding=\"async\" class=\"aligncenter size-full wp-image-4580\" src=\"https:\/\/drzwitarasy.pl\/wp-content\/uploads\/2025\/02\/img_2953-1.jpeg\" alt=\"\" width=\"1440\" height=\"1041\" srcset=\"https:\/\/drzwitarasy.pl\/wp-content\/uploads\/2025\/02\/img_2953-1.jpeg 1440w, https:\/\/drzwitarasy.pl\/wp-content\/uploads\/2025\/02\/img_2953-1-300x217.jpeg 300w, https:\/\/drzwitarasy.pl\/wp-content\/uploads\/2025\/02\/img_2953-1-600x434.jpeg 600w, https:\/\/drzwitarasy.pl\/wp-content\/uploads\/2025\/02\/img_2953-1-1024x740.jpeg 1024w, https:\/\/drzwitarasy.pl\/wp-content\/uploads\/2025\/02\/img_2953-1-768x555.jpeg 768w\" sizes=\"auto, (max-width: 1440px) 100vw, 1440px\" \/><img loading=\"lazy\" decoding=\"async\" class=\"aligncenter size-full wp-image-4577\" src=\"https:\/\/drzwitarasy.pl\/wp-content\/uploads\/2025\/02\/prim-pk-d-g-przes-mini-2.jpeg\" alt=\"\" width=\"1483\" height=\"1162\" srcset=\"https:\/\/drzwitarasy.pl\/wp-content\/uploads\/2025\/02\/prim-pk-d-g-przes-mini-2.jpeg 1483w, https:\/\/drzwitarasy.pl\/wp-content\/uploads\/2025\/02\/prim-pk-d-g-przes-mini-2-300x235.jpeg 300w, https:\/\/drzwitarasy.pl\/wp-content\/uploads\/2025\/02\/prim-pk-d-g-przes-mini-2-600x470.jpeg 600w, https:\/\/drzwitarasy.pl\/wp-content\/uploads\/2025\/02\/prim-pk-d-g-przes-mini-2-1024x802.jpeg 1024w, https:\/\/drzwitarasy.pl\/wp-content\/uploads\/2025\/02\/prim-pk-d-g-przes-mini-2-768x602.jpeg 768w\" sizes=\"auto, (max-width: 1483px) 100vw, 1483px\" \/><\/p>\n","protected":false},"excerpt":{"rendered":"<ul>\n<li>3\u00a0 zawiasy czopowe<\/li>\n<li>zamek: na klucz (pok\u00f3j &#8211; wszystkie wstawki czarne ), na wk\u0142adk\u0119 patentow\u0105 (dodatkowa op\u0142ata) lub obrotowy (\u0142azienkowe)<\/li>\n<li>klamka\/o\u015bcie\u017cnica za dodatkow\u0105 op\u0142at\u0105 (nie wchodzi w cen\u0119 skrzyd\u0142a)<\/li>\n<li>czarne wstawki zamiast szklenia (szklenie mleczne i czarne dost\u0119pne)<\/li>\n<li>pok\u00f3j ( wszystkie wstawki) , \u0142azienka (trzy czarne wstawki od g\u00f3ry, zamek wc i podci\u0119cie wentylacyjne)<\/li>\n<\/ul>\n","protected":false},"featured_media":4578,"template":"","meta":{"_acf_changed":false,"_monsterinsights_skip_tracking":false,"_monsterinsights_sitenote_active":false,"_monsterinsights_sitenote_note":"","_monsterinsights_sitenote_category":0},"product_brand":[527],"product_cat":[30,21,516,601],"product_tag":[312,306,176,314,305,463,345,288],"class_list":{"0":"post-1935","1":"product","2":"type-product","3":"status-publish","4":"has-post-thumbnail","6":"product_brand-windoor","7":"product_cat-drzwi-prestige","8":"product_cat-drzwi-wewnetrzne","9":"product_cat-windoor","10":"product_cat-prim","11":"product_tag-drzwi-rozwierane-windoor","12":"product_tag-drzwi-rozwierane-windoor-80-cm","13":"product_tag-drzwi-windoor-prim","14":"product_tag-oscieznica-regulowana","15":"product_tag-producent-drzwi-windoor-opinie","16":"product_tag-reszta","17":"product_tag-tanie-drzwi-przesuwne-nascienne","18":"product_tag-windoor-drzwi-castorama","20":"first","21":"instock","22":"sale","23":"featured","24":"shipping-taxable","25":"purchasable","26":"product-type-variable","27":"add-to-wishlist-after_add_to_cart"},"acf":[],"aioseo_notices":[],"jetpack_sharing_enabled":true,"_links":{"self":[{"href":"https:\/\/drzwitarasy.pl\/index.php?rest_route=\/wp\/v2\/product\/1935","targetHints":{"allow":["GET"]}}],"collection":[{"href":"https:\/\/drzwitarasy.pl\/index.php?rest_route=\/wp\/v2\/product"}],"about":[{"href":"https:\/\/drzwitarasy.pl\/index.php?rest_route=\/wp\/v2\/types\/product"}],"wp:featuredmedia":[{"embeddable":true,"href":"https:\/\/drzwitarasy.pl\/index.php?rest_route=\/wp\/v2\/media\/4578"}],"wp:attachment":[{"href":"https:\/\/drzwitarasy.pl\/index.php?rest_route=%2Fwp%2Fv2%2Fmedia&parent=1935"}],"wp:term":[{"taxonomy":"product_brand","embeddable":true,"href":"https:\/\/drzwitarasy.pl\/index.php?rest_route=%2Fwp%2Fv2%2Fproduct_brand&post=1935"},{"taxonomy":"product_cat","embeddable":true,"href":"https:\/\/drzwitarasy.pl\/index.php?rest_route=%2Fwp%2Fv2%2Fproduct_cat&post=1935"},{"taxonomy":"product_tag","embeddable":true,"href":"https:\/\/drzwitarasy.pl\/index.php?rest_route=%2Fwp%2Fv2%2Fproduct_tag&post=1935"}],"curies":[{"name":"wp","href":"https:\/\/api.w.org\/{rel}","templated":true}]}}